{"id":713,"date":"2023-12-12T16:07:16","date_gmt":"2023-12-12T15:07:16","guid":{"rendered":"https:\/\/dev.peliko.fr\/1001mots\/?page_id=713"},"modified":"2025-08-11T11:39:37","modified_gmt":"2025-08-11T09:39:37","slug":"la-gouvernance","status":"publish","type":"page","link":"https:\/\/1001mots.org\/tests1001mots\/la-gouvernance\/","title":{"rendered":"La gouvernance"},"content":{"rendered":"<div class=\"gb-container gb-container-89ff4a48 gb-container-ddceac17\">\n<div class=\"gb-container gb-container-e0d00ed3\">\n<div class=\"gb-container gb-container-bbc52610\">\n<div class=\"gb-container gb-container-476427c6\">\n\n<h1 class=\"gb-headline gb-headline-6be8df45 gb-headline-text gb-headline-02f48d25\">La gouvernance 1001 mots<\/h1>\n\n\n\n<p>Notre conseil d&rsquo;administration rassemble des expertises vari\u00e9es et de haut niveau sur la petite enfance, la recherche, le secteur public, les entreprises priv\u00e9es. Le point commun qui nous rassemble : notre <strong>engagement<\/strong> et notre <strong>passion pour le d\u00e9veloppement des tout-petits<\/strong>.<\/p>\n\n\n<div class=\"gb-container gb-container-baa5b276\">\n\n<a class=\"gb-button gb-button-93f6ec00 gb-button-text gb-button-5161d63e\" href=\"https:\/\/1001mots.org\/tests1001mots\/eveiller-mon-enfant\/\">Le concept 1001mots<\/a>\n\n<\/div>\n<\/div>\n\n<div class=\"gb-container gb-container-07f2b947\">\n\n<div class=\"gb-headline gb-headline-b038c6a5\"><span class=\"gb-icon\"><svg preserveAspectRatio=\"none\" xmlns=\"http:\/\/www.w3.org\/2000\/svg\" xml:space=\"preserve\" viewBox=\"0 0 100 100\" aria-hidden=\"true\"><g clip-path=\"url(#a)\" transform=\"matrix(.86463 0 0 .86463 50 50)\"><clipPath id=\"a\"><rect width=\"100\" height=\"100\" x=\"-50\" y=\"-50\" rx=\"0\" ry=\"0\"><\/rect><\/clipPath><path d=\"M85.043 84.937c13.862 0 25.1 11.238 25.1 25.1h24.9c0-27.614-22.386-50-50-50s-50 22.386-50 50h24.9c0-13.859 11.232-25.095 25.091-25.1z\" style=\"stroke:none;stroke-width:1;stroke-dasharray:none;stroke-linecap:butt;stroke-dashoffset:0;stroke-linejoin:miter;stroke-miterlimit:4;fill:#f8dd4a;fill-rule:nonzero;opacity:1\" transform=\"translate(-85.043 -85.037)\"><\/path><\/g><\/svg> <\/span><\/div>\n\n\n\n<figure class=\"gb-block-image gb-block-image-98a6b8d8\"><img loading=\"lazy\" decoding=\"async\" width=\"696\" height=\"755\" class=\"gb-image gb-image-98a6b8d8\" src=\"https:\/\/1001mots.org\/tests1001mots\/wp-content\/uploads\/2025\/08\/Photo_gouvernance_c.png\" alt=\"\" srcset=\"https:\/\/1001mots.org\/tests1001mots\/wp-content\/uploads\/2025\/08\/Photo_gouvernance_c.png 696w, https:\/\/1001mots.org\/tests1001mots\/wp-content\/uploads\/2025\/08\/Photo_gouvernance_c-277x300.png 277w\" sizes=\"auto, (max-width: 696px) 100vw, 696px\" \/><\/figure>\n\n\n<div class=\"gb-container gb-container-94adf2f2\">\n\n<p class=\"gb-headline gb-headline-b7e3a618 gb-headline-text\">La Gouvernance<\/p>\n\n<\/div>\n<\/div>\n<\/div>\n\n\n<h2 class=\"gb-headline gb-headline-12410486 gb-headline-text\">Notre <mark class=\"gb-highlight\">Conseil d&rsquo;Administration<\/mark><\/h2>\n\n\n<div class=\"gb-container gb-container-3e565545\">\n<div class=\"gb-container gb-container-864fe23a\">\n\n<figure class=\"gb-block-image gb-block-image-49b7a27e\"><img loading=\"lazy\" decoding=\"async\" width=\"235\" height=\"231\" class=\"gb-image gb-image-49b7a27e\" src=\"https:\/\/1001mots.org\/tests1001mots\/wp-content\/uploads\/2024\/01\/CA_Pierre-LEFRANC_President.png\" alt=\"\"\/><\/figure>\n\n\n<div class=\"gb-container gb-container-e69d58c1 gb-accordion\">\n<div class=\"gb-container gb-container-939900c9 gb-accordion__item\">\n\n<button class=\"gb-button gb-button-28c96ae0 gb-accordion__toggle\" id=\"gb-accordion-toggle-28c96ae0\"><span class=\"gb-button-text\"><strong>Pierre LEFRANC<\/strong> Pr\u00e9sident<\/span><span class=\"gb-icon\"><svg xmlns=\"http:\/\/www.w3.org\/2000\/svg\" viewBox=\"0 0 448 512\" width=\"1em\" height=\"1em\" ariahidden=\"true\" role=\"img\" class=\"gb-accordion__icon\"><path d=\"M207.029 381.476L12.686 187.132c-9.373-9.373-9.373-24.569 0-33.941l22.667-22.667c9.357-9.357 24.522-9.375 33.901-.04L224 284.505l154.745-154.021c9.379-9.335 24.544-9.317 33.901.04l22.667 22.667c9.373 9.373 9.373 24.569 0 33.941L240.971 381.476c-9.373 9.372-24.569 9.372-33.942 0z\" fill=\"currentColor\"><\/path><\/svg><svg xmlns=\"http:\/\/www.w3.org\/2000\/svg\" viewBox=\"0 0 448 512\" width=\"1em\" height=\"1em\" ariahidden=\"true\" role=\"img\" class=\"gb-accordion__icon-open\"><path d=\"M240.971 130.524l194.343 194.343c9.373 9.373 9.373 24.569 0 33.941l-22.667 22.667c-9.357 9.357-24.522 9.375-33.901.04L224 227.495 69.255 381.516c-9.379 9.335-24.544 9.317-33.901-.04l-22.667-22.667c-9.373-9.373-9.373-24.569 0-33.941L207.03 130.525c9.372-9.373 24.568-9.373 33.941-.001z\" fill=\"currentColor\"><\/path><\/svg><\/span><\/button>\n\n\n<div class=\"gb-container gb-container-cb2b092a gb-accordion__content\">\n\n<p>Vice-pr\u00e9sident Efficacit\u00e9 commerciale du groupe Schneider Electric, leader de l\u2019efficacit\u00e9 \u00e9nerg\u00e9tique, o\u00f9 il travaille depuis 15 ans et o\u00f9 il a cr\u00e9\u00e9 cette fonction au niveau mondial. Il est \u00e9galement papa de deux jeunes enfants !<\/p>\n\n<\/div>\n<\/div>\n<\/div>\n<\/div>\n\n<div class=\"gb-container gb-container-53f5bdaf\">\n\n<figure class=\"gb-block-image gb-block-image-f4b0c987\"><img loading=\"lazy\" decoding=\"async\" width=\"235\" height=\"231\" class=\"gb-image gb-image-f4b0c987\" src=\"https:\/\/1001mots.org\/tests1001mots\/wp-content\/uploads\/2024\/01\/CA_Liem-Binh-LUONG_Secretaire-General.png\" alt=\"\"\/><\/figure>\n\n\n<div class=\"gb-container gb-container-954bc7d4 gb-accordion\">\n<div class=\"gb-container gb-container-8bb6e0ee gb-accordion__item\">\n\n<button class=\"gb-button gb-button-dbb3a90f gb-accordion__toggle\" aria-label=\"Lire la description\" id=\"gb-accordion-toggle-dbb3a90f\"><span class=\"gb-button-text\"><strong>Liem-Binh LUONG<\/strong> Secr\u00e9taire G\u00e9n\u00e9ral<\/span><span class=\"gb-icon\"><svg xmlns=\"http:\/\/www.w3.org\/2000\/svg\" viewBox=\"0 0 448 512\" width=\"1em\" height=\"1em\" ariahidden=\"true\" role=\"img\" class=\"gb-accordion__icon\"><path d=\"M207.029 381.476L12.686 187.132c-9.373-9.373-9.373-24.569 0-33.941l22.667-22.667c9.357-9.357 24.522-9.375 33.901-.04L224 284.505l154.745-154.021c9.379-9.335 24.544-9.317 33.901.04l22.667 22.667c9.373 9.373 9.373 24.569 0 33.941L240.971 381.476c-9.373 9.372-24.569 9.372-33.942 0z\" fill=\"currentColor\"><\/path><\/svg><svg xmlns=\"http:\/\/www.w3.org\/2000\/svg\" viewBox=\"0 0 448 512\" width=\"1em\" height=\"1em\" ariahidden=\"true\" role=\"img\" class=\"gb-accordion__icon-open\"><path d=\"M240.971 130.524l194.343 194.343c9.373 9.373 9.373 24.569 0 33.941l-22.667 22.667c-9.357 9.357-24.522 9.375-33.901.04L224 227.495 69.255 381.516c-9.379 9.335-24.544 9.317-33.901-.04l-22.667-22.667c-9.373-9.373-9.373-24.569 0-33.941L207.03 130.525c9.372-9.373 24.568-9.373 33.941-.001z\" fill=\"currentColor\"><\/path><\/svg><\/span><\/button>\n\n\n<div class=\"gb-container gb-container-ff5dca52 gb-accordion__content\">\n\n<p>M\u00e9decin sp\u00e9cialis\u00e9 en maladies infectieuses et en sant\u00e9 publique, actuellement praticien hospitalier \u00e0 l\u2019h\u00f4pital Cochin. Co-auteur du rapport de Terra Nova de 2014&nbsp;<a href=\"http:\/\/tnova.fr\/rapports\/la-lutte-contre-les-inegalites-commence-dans-les-creches\" target=\"_blank\" rel=\"noreferrer noopener\">\u201cLa lutte contre les in\u00e9galit\u00e9s commence dans les cr\u00e8ches\u201d<\/a>.<\/p>\n\n<\/div>\n<\/div>\n<\/div>\n<\/div>\n\n<div class=\"gb-container gb-container-fef32b0f\">\n\n<figure class=\"gb-block-image gb-block-image-95f90e97\"><img loading=\"lazy\" decoding=\"async\" width=\"235\" height=\"231\" class=\"gb-image gb-image-95f90e97\" src=\"https:\/\/1001mots.org\/tests1001mots\/wp-content\/uploads\/2024\/01\/CA_Alix_GOT_membre-du-bureau.png\" alt=\"\"\/><\/figure>\n\n\n<div class=\"gb-container gb-container-9046d712 gb-accordion\">\n<div class=\"gb-container gb-container-627c70b8 gb-accordion__item\">\n\n<button class=\"gb-button gb-button-ea090b9b gb-accordion__toggle\" aria-label=\"Lire la description\" id=\"gb-accordion-toggle-ea090b9b\"><span class=\"gb-button-text\"><strong>Alix GOT<\/strong> Administratrice<\/span><span class=\"gb-icon\"><svg xmlns=\"http:\/\/www.w3.org\/2000\/svg\" viewBox=\"0 0 448 512\" width=\"1em\" height=\"1em\" ariahidden=\"true\" role=\"img\" class=\"gb-accordion__icon\"><path d=\"M207.029 381.476L12.686 187.132c-9.373-9.373-9.373-24.569 0-33.941l22.667-22.667c9.357-9.357 24.522-9.375 33.901-.04L224 284.505l154.745-154.021c9.379-9.335 24.544-9.317 33.901.04l22.667 22.667c9.373 9.373 9.373 24.569 0 33.941L240.971 381.476c-9.373 9.372-24.569 9.372-33.942 0z\" fill=\"currentColor\"><\/path><\/svg><svg xmlns=\"http:\/\/www.w3.org\/2000\/svg\" viewBox=\"0 0 448 512\" width=\"1em\" height=\"1em\" ariahidden=\"true\" role=\"img\" class=\"gb-accordion__icon-open\"><path d=\"M240.971 130.524l194.343 194.343c9.373 9.373 9.373 24.569 0 33.941l-22.667 22.667c-9.357 9.357-24.522 9.375-33.901.04L224 227.495 69.255 381.516c-9.379 9.335-24.544 9.317-33.901-.04l-22.667-22.667c-9.373-9.373-9.373-24.569 0-33.941L207.03 130.525c9.372-9.373 24.568-9.373 33.941-.001z\" fill=\"currentColor\"><\/path><\/svg><\/span><\/button>\n\n\n<div class=\"gb-container gb-container-7c896b78 gb-accordion__content\">\n\n<p>Ancienne directrice du d\u00e9veloppement des cr\u00e8ches Babilou, cofondatrice de la startup Smartcit\u00e9s, elle a aussi accompagn\u00e9 avec Apiwan les gestionnaires de cr\u00e8ches publics et priv\u00e9s. Alix travaille maintenant depuis 3 ans \u00e0 l&rsquo;AEFE pour d\u00e9velopper les \u00e9coles fran\u00e7aises \u00e0 l&rsquo;\u00e9tranger.<\/p>\n\n<\/div>\n<\/div>\n<\/div>\n<\/div>\n\n<div class=\"gb-container gb-container-3148e7ef\">\n\n<figure class=\"gb-block-image gb-block-image-326d7cb4\"><img loading=\"lazy\" decoding=\"async\" width=\"235\" height=\"231\" class=\"gb-image gb-image-326d7cb4\" src=\"https:\/\/1001mots.org\/tests1001mots\/wp-content\/uploads\/2024\/01\/CA_Thomas_Villemonteix_membre-du-bureau.png\" alt=\"\"\/><\/figure>\n\n\n<div class=\"gb-container gb-container-f4ec9d31 gb-accordion\">\n<div class=\"gb-container gb-container-a1f543cf gb-accordion__item\">\n\n<button class=\"gb-button gb-button-52f606b1 gb-accordion__toggle\" aria-label=\"Lire la description\" id=\"gb-accordion-toggle-52f606b1\"><span class=\"gb-button-text\"><strong>Thomas VILLEMONTEIX<\/strong> Administrateur<\/span><span class=\"gb-icon\"><svg xmlns=\"http:\/\/www.w3.org\/2000\/svg\" viewBox=\"0 0 448 512\" width=\"1em\" height=\"1em\" ariahidden=\"true\" role=\"img\" class=\"gb-accordion__icon\"><path d=\"M207.029 381.476L12.686 187.132c-9.373-9.373-9.373-24.569 0-33.941l22.667-22.667c9.357-9.357 24.522-9.375 33.901-.04L224 284.505l154.745-154.021c9.379-9.335 24.544-9.317 33.901.04l22.667 22.667c9.373 9.373 9.373 24.569 0 33.941L240.971 381.476c-9.373 9.372-24.569 9.372-33.942 0z\" fill=\"currentColor\"><\/path><\/svg><svg xmlns=\"http:\/\/www.w3.org\/2000\/svg\" viewBox=\"0 0 448 512\" width=\"1em\" height=\"1em\" ariahidden=\"true\" role=\"img\" class=\"gb-accordion__icon-open\"><path d=\"M240.971 130.524l194.343 194.343c9.373 9.373 9.373 24.569 0 33.941l-22.667 22.667c-9.357 9.357-24.522 9.375-33.901.04L224 227.495 69.255 381.516c-9.379 9.335-24.544 9.317-33.901-.04l-22.667-22.667c-9.373-9.373-9.373-24.569 0-33.941L207.03 130.525c9.372-9.373 24.568-9.373 33.941-.001z\" fill=\"currentColor\"><\/path><\/svg><\/span><\/button>\n\n\n<div class=\"gb-container gb-container-b805ce01 gb-accordion__content\">\n\n<p>Ma\u00eetre de conf\u00e9rences en psychologie clinique \u00e0 l\u2019Universit\u00e9 Paris 8, il \u00e9tudie les dispositifs visant \u00e0 promouvoir le bien-\u00eatre mental de l\u2019enfant, notamment \u00e0 l&rsquo;\u00e9cole.<\/p>\n\n<\/div>\n<\/div>\n<\/div>\n<\/div>\n\n<div class=\"gb-container gb-container-fe19e802\">\n\n<figure class=\"gb-block-image gb-block-image-d3d82040\"><img loading=\"lazy\" decoding=\"async\" width=\"235\" height=\"231\" class=\"gb-image gb-image-d3d82040\" src=\"https:\/\/1001mots.org\/tests1001mots\/wp-content\/uploads\/2024\/01\/CA_Helene_HUBER.png\" alt=\"\"\/><\/figure>\n\n\n<div class=\"gb-container gb-container-1f9b8d13 gb-accordion\">\n<div class=\"gb-container gb-container-4ca5fd47 gb-accordion__item\">\n\n<button class=\"gb-button gb-button-219476a3 gb-accordion__toggle\" aria-label=\"Lire la description\" id=\"gb-accordion-toggle-219476a3\"><span class=\"gb-button-text\"><strong>H\u00e9l\u00e8ne HUBER<\/strong> Administratrice<\/span><span class=\"gb-icon\"><svg xmlns=\"http:\/\/www.w3.org\/2000\/svg\" viewBox=\"0 0 448 512\" width=\"1em\" height=\"1em\" ariahidden=\"true\" role=\"img\" class=\"gb-accordion__icon\"><path d=\"M207.029 381.476L12.686 187.132c-9.373-9.373-9.373-24.569 0-33.941l22.667-22.667c9.357-9.357 24.522-9.375 33.901-.04L224 284.505l154.745-154.021c9.379-9.335 24.544-9.317 33.901.04l22.667 22.667c9.373 9.373 9.373 24.569 0 33.941L240.971 381.476c-9.373 9.372-24.569 9.372-33.942 0z\" fill=\"currentColor\"><\/path><\/svg><svg xmlns=\"http:\/\/www.w3.org\/2000\/svg\" viewBox=\"0 0 448 512\" width=\"1em\" height=\"1em\" ariahidden=\"true\" role=\"img\" class=\"gb-accordion__icon-open\"><path d=\"M240.971 130.524l194.343 194.343c9.373 9.373 9.373 24.569 0 33.941l-22.667 22.667c-9.357 9.357-24.522 9.375-33.901.04L224 227.495 69.255 381.516c-9.379 9.335-24.544 9.317-33.901-.04l-22.667-22.667c-9.373-9.373-9.373-24.569 0-33.941L207.03 130.525c9.372-9.373 24.568-9.373 33.941-.001z\" fill=\"currentColor\"><\/path><\/svg><\/span><\/button>\n\n\n<div class=\"gb-container gb-container-481c41a0 gb-accordion__content\">\n\n<p>Orthophoniste sp\u00e9cialis\u00e9e dans la r\u00e9\u00e9ducation des jeunes enfants et l\u2019accompagnement parental, H\u00e9l\u00e8ne exerce en lib\u00e9ral.&nbsp;Elle contribue au projet en tant que free-lance depuis 2018 et elle est devenue en outre administratrice b\u00e9n\u00e9vole en 2021&nbsp;: elle apporte au CA son expertise du d\u00e9veloppement langagier des tout-petits et sa connaissance fine des publics accompagn\u00e9s par 1001mots.<\/p>\n\n<\/div>\n<\/div>\n<\/div>\n<\/div>\n\n<div class=\"gb-container gb-container-4001abb8\">\n\n<figure class=\"gb-block-image gb-block-image-d73f3ee5\"><img loading=\"lazy\" decoding=\"async\" width=\"235\" height=\"231\" class=\"gb-image gb-image-d73f3ee5\" src=\"https:\/\/1001mots.org\/tests1001mots\/wp-content\/uploads\/2024\/01\/CA_Nathalie-ENCINAS.png\" alt=\"\"\/><\/figure>\n\n\n<div class=\"gb-container gb-container-d1408020 gb-accordion\">\n<div class=\"gb-container gb-container-02da43c9 gb-accordion__item\">\n\n<button class=\"gb-button gb-button-975d693f gb-accordion__toggle\" aria-label=\"Lire la description\" id=\"gb-accordion-toggle-975d693f\"><span class=\"gb-button-text\"><strong>Nathalie ENCINAS<\/strong> Administratrice<\/span><span class=\"gb-icon\"><svg xmlns=\"http:\/\/www.w3.org\/2000\/svg\" viewBox=\"0 0 448 512\" width=\"1em\" height=\"1em\" ariahidden=\"true\" role=\"img\" class=\"gb-accordion__icon\"><path d=\"M207.029 381.476L12.686 187.132c-9.373-9.373-9.373-24.569 0-33.941l22.667-22.667c9.357-9.357 24.522-9.375 33.901-.04L224 284.505l154.745-154.021c9.379-9.335 24.544-9.317 33.901.04l22.667 22.667c9.373 9.373 9.373 24.569 0 33.941L240.971 381.476c-9.373 9.372-24.569 9.372-33.942 0z\" fill=\"currentColor\"><\/path><\/svg><svg xmlns=\"http:\/\/www.w3.org\/2000\/svg\" viewBox=\"0 0 448 512\" width=\"1em\" height=\"1em\" ariahidden=\"true\" role=\"img\" class=\"gb-accordion__icon-open\"><path d=\"M240.971 130.524l194.343 194.343c9.373 9.373 9.373 24.569 0 33.941l-22.667 22.667c-9.357 9.357-24.522 9.375-33.901.04L224 227.495 69.255 381.516c-9.379 9.335-24.544 9.317-33.901-.04l-22.667-22.667c-9.373-9.373-9.373-24.569 0-33.941L207.03 130.525c9.372-9.373 24.568-9.373 33.941-.001z\" fill=\"currentColor\"><\/path><\/svg><\/span><\/button>\n\n\n<div class=\"gb-container gb-container-6850f5a6 gb-accordion__content\">\n\n<p>Pu\u00e9ricultrice et directrice Petite Enfance de la Ville de Corbeil-Essonnes, Nathalie occupe depuis 20 ans des postes de coordination dans des Quartiers de la&nbsp;Politique de la Ville. La pr\u00e9vention est un axe majeur de son travail. Nathalie&nbsp;met sa connaissance du public et des enjeux li\u00e9s \u00e0 la Petite Enfance au service des actions men\u00e9es par 1001mots.<\/p>\n\n<\/div>\n<\/div>\n<\/div>\n<\/div>\n\n<div class=\"gb-container gb-container-082418d7\">\n\n<figure class=\"gb-block-image gb-block-image-7b888c0d\"><img loading=\"lazy\" decoding=\"async\" width=\"500\" height=\"500\" class=\"gb-image gb-image-7b888c0d\" src=\"https:\/\/1001mots.org\/tests1001mots\/wp-content\/uploads\/2025\/06\/Photosequipesite500-x-500-px-2.png\" alt=\"\" srcset=\"https:\/\/1001mots.org\/tests1001mots\/wp-content\/uploads\/2025\/06\/Photosequipesite500-x-500-px-2.png 500w, https:\/\/1001mots.org\/tests1001mots\/wp-content\/uploads\/2025\/06\/Photosequipesite500-x-500-px-2-300x300.png 300w, https:\/\/1001mots.org\/tests1001mots\/wp-content\/uploads\/2025\/06\/Photosequipesite500-x-500-px-2-150x150.png 150w\" sizes=\"auto, (max-width: 500px) 100vw, 500px\" \/><\/figure>\n\n\n<div class=\"gb-container gb-container-b35abc1e gb-accordion\">\n<div class=\"gb-container gb-container-6babc971 gb-accordion__item\">\n\n<button class=\"gb-button gb-button-c436c67e gb-accordion__toggle\" aria-label=\"Lire la description\" id=\"gb-accordion-toggle-c436c67e\"><span class=\"gb-button-text\"><strong>Arnaud SOURISSEAU<\/strong> Administrateur<\/span><span class=\"gb-icon\"><svg xmlns=\"http:\/\/www.w3.org\/2000\/svg\" viewBox=\"0 0 448 512\" width=\"1em\" height=\"1em\" ariahidden=\"true\" role=\"img\" class=\"gb-accordion__icon\"><path d=\"M207.029 381.476L12.686 187.132c-9.373-9.373-9.373-24.569 0-33.941l22.667-22.667c9.357-9.357 24.522-9.375 33.901-.04L224 284.505l154.745-154.021c9.379-9.335 24.544-9.317 33.901.04l22.667 22.667c9.373 9.373 9.373 24.569 0 33.941L240.971 381.476c-9.373 9.372-24.569 9.372-33.942 0z\" fill=\"currentColor\"><\/path><\/svg><svg xmlns=\"http:\/\/www.w3.org\/2000\/svg\" viewBox=\"0 0 448 512\" width=\"1em\" height=\"1em\" ariahidden=\"true\" role=\"img\" class=\"gb-accordion__icon-open\"><path d=\"M240.971 130.524l194.343 194.343c9.373 9.373 9.373 24.569 0 33.941l-22.667 22.667c-9.357 9.357-24.522 9.375-33.901.04L224 227.495 69.255 381.516c-9.379 9.335-24.544 9.317-33.901-.04l-22.667-22.667c-9.373-9.373-9.373-24.569 0-33.941L207.03 130.525c9.372-9.373 24.568-9.373 33.941-.001z\" fill=\"currentColor\"><\/path><\/svg><\/span><\/button>\n\n\n<div class=\"gb-container gb-container-b6b6ca85 gb-accordion__content\">\n\n<p>Fondateur de One Man Support, leader fran\u00e7ais du conseil ind\u00e9pendant de haut niveau, Arnaud Sourisseau est donateur de l\u2019association 1001mots depuis 2019. En tant qu\u2019administrateur, il met au profit de 1001mots son expertise d\u2019entrepreneur, de consultant en strat\u00e9gie et d\u2019agitateur de r\u00e9seaux.<\/p>\n\n<\/div>\n<\/div>\n<\/div>\n<\/div>\n\n<div class=\"gb-container gb-container-49f0222d\">\n\n<figure class=\"gb-block-image gb-block-image-17c75eea\"><img loading=\"lazy\" decoding=\"async\" width=\"500\" height=\"500\" class=\"gb-image gb-image-17c75eea\" src=\"https:\/\/1001mots.org\/tests1001mots\/wp-content\/uploads\/2025\/06\/Karina.png\" alt=\"\" srcset=\"https:\/\/1001mots.org\/tests1001mots\/wp-content\/uploads\/2025\/06\/Karina.png 500w, https:\/\/1001mots.org\/tests1001mots\/wp-content\/uploads\/2025\/06\/Karina-300x300.png 300w, https:\/\/1001mots.org\/tests1001mots\/wp-content\/uploads\/2025\/06\/Karina-150x150.png 150w\" sizes=\"auto, (max-width: 500px) 100vw, 500px\" \/><\/figure>\n\n\n<div class=\"gb-container gb-container-7438799c gb-accordion\">\n<div class=\"gb-container gb-container-a8af5b17 gb-accordion__item\">\n\n<button class=\"gb-button gb-button-0f865683 gb-accordion__toggle\" id=\"gb-accordion-toggle-0f865683\"><span class=\"gb-button-text\"><strong>Karina Ghrab <\/strong>maman ambassadrice<\/span><span class=\"gb-icon\"><svg xmlns=\"http:\/\/www.w3.org\/2000\/svg\" viewBox=\"0 0 448 512\" width=\"1em\" height=\"1em\" ariahidden=\"true\" role=\"img\" class=\"gb-accordion__icon\"><path d=\"M207.029 381.476L12.686 187.132c-9.373-9.373-9.373-24.569 0-33.941l22.667-22.667c9.357-9.357 24.522-9.375 33.901-.04L224 284.505l154.745-154.021c9.379-9.335 24.544-9.317 33.901.04l22.667 22.667c9.373 9.373 9.373 24.569 0 33.941L240.971 381.476c-9.373 9.372-24.569 9.372-33.942 0z\" fill=\"currentColor\"><\/path><\/svg><svg xmlns=\"http:\/\/www.w3.org\/2000\/svg\" viewBox=\"0 0 448 512\" width=\"1em\" height=\"1em\" ariahidden=\"true\" role=\"img\" class=\"gb-accordion__icon-open\"><path d=\"M240.971 130.524l194.343 194.343c9.373 9.373 9.373 24.569 0 33.941l-22.667 22.667c-9.357 9.357-24.522 9.375-33.901.04L224 227.495 69.255 381.516c-9.379 9.335-24.544 9.317-33.901-.04l-22.667-22.667c-9.373-9.373-9.373-24.569 0-33.941L207.03 130.525c9.372-9.373 24.568-9.373 33.941-.001z\" fill=\"currentColor\"><\/path><\/svg><\/span><\/button>\n\n\n<div class=\"gb-container gb-container-51125779 gb-accordion__content\">\n\n<p>\u00ab\u00a0Chez moi, on parle, on chante, on lit, on raconte\u2026 et parfois, on dort (quand les enfants sont d\u2019accord). Maman de quatre experts en bavardage \u2013 Ayna (2019), Hela (2020), Yara et Yssa (2022), j\u2019ai trouv\u00e9 chez&nbsp;<strong>1001 Mots<\/strong>&nbsp;bien plus qu\u2019une association : un GPS parental, des id\u00e9es qui sauvent, et surtout\u2026 des mamans avec qui parler quand je ne savais plus tr\u00e8s bien \u00e0 quel bout prendre mes journ\u00e9es.<br>Gr\u00e2ce aux livres, aux histoires, et \u00e0 toutes les ressources partag\u00e9es, mes enfants ont un vocabulaire plus riche que moi apr\u00e8s un caf\u00e9. Alors forc\u00e9ment, quand on m\u2019a propos\u00e9 de devenir&nbsp;<strong>\u201cla maman\u201d<\/strong>&nbsp;du Conseil d\u2019Administration, j\u2019ai eu un moment de bug :&nbsp;<em>moi ? la maman qu\u2019ils cherchaient ? vraiment ?<\/em>&nbsp;Et puis j\u2019ai dit oui. Avec le c\u0153ur.<\/p>\n\n\n\n<p>Aujourd\u2019hui, je fais de mon mieux pour redonner ce qu\u2019on m\u2019a donn\u00e9, et porter haut les couleurs de la bienveillance, de l\u2019\u00e9coute et de l\u2019humour.\u00a0\u00bb<\/p>\n\n<\/div>\n<\/div>\n<\/div>\n<\/div>\n\n<div class=\"gb-container gb-container-ecd2416b\" id=\"gb-accordion-content-1d4e9a31\">\n\n<figure class=\"gb-block-image gb-block-image-bf312364\"><img loading=\"lazy\" decoding=\"async\" width=\"500\" height=\"500\" class=\"gb-image gb-image-bf312364\" src=\"https:\/\/1001mots.org\/tests1001mots\/wp-content\/uploads\/2025\/07\/Photosequipesite500-x-500-px.png\" alt=\"\" srcset=\"https:\/\/1001mots.org\/tests1001mots\/wp-content\/uploads\/2025\/07\/Photosequipesite500-x-500-px.png 500w, https:\/\/1001mots.org\/tests1001mots\/wp-content\/uploads\/2025\/07\/Photosequipesite500-x-500-px-300x300.png 300w, https:\/\/1001mots.org\/tests1001mots\/wp-content\/uploads\/2025\/07\/Photosequipesite500-x-500-px-150x150.png 150w\" sizes=\"auto, (max-width: 500px) 100vw, 500px\" \/><\/figure>\n\n\n<div class=\"gb-container gb-container-4647224f gb-accordion\">\n<div class=\"gb-container gb-container-32a02c6c gb-accordion__item\">\n\n<button class=\"gb-button gb-button-a94b81c1 gb-accordion__toggle\" aria-label=\"Lire la description\" id=\"gb-accordion-toggle-a94b81c1\"><span class=\"gb-button-text\"><strong>Emmanuel ARNAUD<\/strong> Administrateur<\/span><span class=\"gb-icon\"><svg xmlns=\"http:\/\/www.w3.org\/2000\/svg\" viewBox=\"0 0 448 512\" width=\"1em\" height=\"1em\" ariahidden=\"true\" role=\"img\" class=\"gb-accordion__icon\"><path d=\"M207.029 381.476L12.686 187.132c-9.373-9.373-9.373-24.569 0-33.941l22.667-22.667c9.357-9.357 24.522-9.375 33.901-.04L224 284.505l154.745-154.021c9.379-9.335 24.544-9.317 33.901.04l22.667 22.667c9.373 9.373 9.373 24.569 0 33.941L240.971 381.476c-9.373 9.372-24.569 9.372-33.942 0z\" fill=\"currentColor\"><\/path><\/svg><svg xmlns=\"http:\/\/www.w3.org\/2000\/svg\" viewBox=\"0 0 448 512\" width=\"1em\" height=\"1em\" ariahidden=\"true\" role=\"img\" class=\"gb-accordion__icon-open\"><path d=\"M240.971 130.524l194.343 194.343c9.373 9.373 9.373 24.569 0 33.941l-22.667 22.667c-9.357 9.357-24.522 9.375-33.901.04L224 227.495 69.255 381.516c-9.379 9.335-24.544 9.317-33.901-.04l-22.667-22.667c-9.373-9.373-9.373-24.569 0-33.941L207.03 130.525c9.372-9.373 24.568-9.373 33.941-.001z\" fill=\"currentColor\"><\/path><\/svg><\/span><\/button>\n\n\n<div class=\"gb-container gb-container-561bdf1e gb-accordion__content\">\n\n<p>Dipl\u00f4m\u00e9 de HEC Paris et de la Harvard Kennedy School, Emmanuel Arnaud est passionn\u00e9 par les enjeux d\u2019impact. C\u2019est en 2011, apr\u00e8s une premi\u00e8re aventure entrepreneuriale au Pakistan et plusieurs postes dans les secteurs public et priv\u00e9 qu\u2019il fonde GuesttoGuest. Aujourd\u2019hui connue sous le nom de HomeExchange, l\u2019entreprise est la premi\u00e8re communaut\u00e9 mondiale de l\u2019\u00e9change de maisons et est certifi\u00e9e B Corp depuis septembre 2022. \u00c9lu \u201cPersonnalit\u00e9 de l\u2019ann\u00e9e 2017\u201d aux Troph\u00e9es de l\u2019Innovation de L\u2019Echo Touristique, il re\u00e7oit en 2018 le \u201cFAB Award\u201d de la Chambre de Commerce Franco-Am\u00e9ricaine de la Nouvelle-Angleterre \u00e0 Boston. En 2018, il cofonde l\u2019antenne French Tech de Boston qu\u2019il pr\u00e9side jusqu\u2019\u00e0 son retour en France en 2020. Il est le mentor de plusieurs pr\u00e9sidents d\u2019associations\/entreprises \u00e0 impact. Emmanuel a quatre enfants et habite en r\u00e9gion parisienne.<\/p>\n\n<\/div>\n<\/div>\n<\/div>\n<\/div>\n<\/div>\n<\/div>\n<\/div>","protected":false},"excerpt":{"rendered":"<p>La gouvernance 1001 mots Notre conseil d&rsquo;administration rassemble des expertises vari\u00e9es et de haut niveau sur la petite enfance, la recherche, le secteur public, les entreprises priv\u00e9es. Le point commun qui nous rassemble : notre engagement et notre passion pour le d\u00e9veloppement des tout-petits. La Gouvernance Notre Conseil d&rsquo;Administration Vice-pr\u00e9sident Efficacit\u00e9 commerciale du groupe Schneider &#8230; <a title=\"La gouvernance\" class=\"read-more\" href=\"https:\/\/1001mots.org\/tests1001mots\/la-gouvernance\/\" aria-label=\"En savoir plus sur La gouvernance\">Lire la suite<\/a><\/p>\n","protected":false},"author":1,"featured_media":0,"parent":0,"menu_order":0,"comment_status":"closed","ping_status":"closed","template":"","meta":{"_seopress_robots_primary_cat":"","_seopress_titles_title":"La gouvernance 1001mots","_seopress_titles_desc":"Des expertises vari\u00e9es et expertes qui se rassemblent avec passion autour de notre ambitieux projet","_seopress_robots_index":"","_uf_show_specific_survey":0,"_uf_disable_surveys":false,"footnotes":""},"class_list":["post-713","page","type-page","status-publish"],"_links":{"self":[{"href":"https:\/\/1001mots.org\/tests1001mots\/wp-json\/wp\/v2\/pages\/713","targetHints":{"allow":["GET"]}}],"collection":[{"href":"https:\/\/1001mots.org\/tests1001mots\/wp-json\/wp\/v2\/pages"}],"about":[{"href":"https:\/\/1001mots.org\/tests1001mots\/wp-json\/wp\/v2\/types\/page"}],"author":[{"embeddable":true,"href":"https:\/\/1001mots.org\/tests1001mots\/wp-json\/wp\/v2\/users\/1"}],"replies":[{"embeddable":true,"href":"https:\/\/1001mots.org\/tests1001mots\/wp-json\/wp\/v2\/comments?post=713"}],"version-history":[{"count":0,"href":"https:\/\/1001mots.org\/tests1001mots\/wp-json\/wp\/v2\/pages\/713\/revisions"}],"wp:attachment":[{"href":"https:\/\/1001mots.org\/tests1001mots\/wp-json\/wp\/v2\/media?parent=713"}],"curies":[{"name":"wp","href":"https:\/\/api.w.org\/{rel}","templated":true}]}}