{"id":287,"date":"2023-11-23T16:17:27","date_gmt":"2023-11-23T15:17:27","guid":{"rendered":"https:\/\/dev.peliko.fr\/1001mots\/?page_id=287"},"modified":"2025-12-11T13:25:09","modified_gmt":"2025-12-11T12:25:09","slug":"lassociation","status":"publish","type":"page","link":"https:\/\/1001mots.org\/tests1001mots\/lassociation\/","title":{"rendered":"L&rsquo;association"},"content":{"rendered":"<section class=\"gb-container gb-container-763ff17c gb-container-ddceac17\">\n<div class=\"gb-container gb-container-dfbe3c00\">\n<div class=\"gb-container gb-container-6c87ee72\">\n\n<h1 class=\"gb-headline gb-headline-737eb565 gb-headline-text gb-headline-02f48d25\">1001mots, une association pour la petite enfance et <mark class=\"gb-highlight\">l\u2019\u00e9galit\u00e9 des chances \u00e0 travers l\u2019\u00e9veil au langage<\/mark><\/h1>\n\n\n\n<p>Parce que l\u2019avenir scolaire et professionnel se joue d\u00e8s la naissance, nous voulons que chaque enfant puisse s\u2019\u00e9veiller au langage et s\u2019ouvrir \u00e0 la lecture avant son entr\u00e9e \u00e0 l\u2019\u00e9cole maternelle.<\/p>\n\n\n<div class=\"gb-container gb-container-f8a5bf43\">\n\n<a class=\"gb-button gb-button-c17ded63 gb-button-text gb-button-5161d63e\" href=\"https:\/\/1001mots.org\/tests1001mots\/eveiller-mon-enfant\/\">D\u00e9couvrir le concept<\/a>\n\n<\/div>\n<\/div>\n\n<div class=\"gb-container gb-container-3842d9fb\">\n\n<figure class=\"gb-block-image gb-block-image-85e2cce8\"><img loading=\"lazy\" decoding=\"async\" width=\"560\" height=\"480\" class=\"gb-image gb-image-85e2cce8\" src=\"https:\/\/1001mots.org\/tests1001mots\/wp-content\/uploads\/2024\/02\/Design-sans-titre-8.png\" alt=\"\" srcset=\"https:\/\/1001mots.org\/tests1001mots\/wp-content\/uploads\/2024\/02\/Design-sans-titre-8.png 560w, https:\/\/1001mots.org\/tests1001mots\/wp-content\/uploads\/2024\/02\/Design-sans-titre-8-300x257.png 300w\" sizes=\"auto, (max-width: 560px) 100vw, 560px\" \/><\/figure>\n\n<\/div>\n<\/div>\n\n<div class=\"gb-container gb-container-183e1e6f\" id=\"mission\">\n<div class=\"gb-container gb-container-c854e448\">\n\n<h2 class=\"gb-headline gb-headline-5122166c gb-headline-text gb-headline-2fbe7351\">Notre raison d&rsquo;\u00eatre<\/h2>\n\n\n\n<p class=\"has-text-align-center\">Chez 1001mots, nous sommes convaincus qu\u2019<strong>agir d\u00e8s la petite enfance<\/strong> peut changer un avenir, et que les parents en sont les acteurs cl\u00e9s. Notre ambition&nbsp;: renforcer les comp\u00e9tences des parents pour d\u00e9cupler le potentiel de leur b\u00e9b\u00e9, d\u00e8s sa naissance.<\/p>\n\n<\/div>\n\n<div class=\"gb-container gb-container-b39124b6\">\n<div class=\"gb-container gb-container-a04eeb36\">\n<div class=\"gb-container gb-container-3bbc8c76\">\n\n<h3 class=\"gb-headline gb-headline-0154ab04 gb-headline-3ad02691\"><span class=\"gb-icon\"><svg xmlns=\"http:\/\/www.w3.org\/2000\/svg\" xml:space=\"preserve\" viewBox=\"0 0 100 100\" aria-hidden=\"true\"><g><g clip-path=\"url(#a)\" transform=\"matrix(.6851 0 0 .6851 32.873 50)\"><clipPath id=\"a\"><rect width=\"100\" height=\"100\" x=\"-50\" y=\"-50\" rx=\"0\" ry=\"0\"><\/rect><\/clipPath><path d=\"M43.284 93.284c0 27.614 22.386 50 50 50v-100c-27.614 0-50 22.386-50 50z\" style=\"stroke:none;stroke-width:1;stroke-dasharray:none;stroke-linecap:butt;stroke-dashoffset:0;stroke-linejoin:miter;stroke-miterlimit:4;fill:#76adff;fill-rule:nonzero;opacity:1\" transform=\"translate(-68.284 -93.284)\"><\/path><\/g><g clip-path=\"url(#b)\" transform=\"matrix(.6851 0 0 .6851 67.128 50)\"><clipPath id=\"b\"><rect width=\"100\" height=\"100\" x=\"-50\" y=\"-50\" rx=\"0\" ry=\"0\"><\/rect><\/clipPath><path d=\"M93.284 93.284c0 27.614 22.386 50 50 50v-100c-27.614 0-50 22.386-50 50z\" style=\"stroke:none;stroke-width:1;stroke-dasharray:none;stroke-linecap:butt;stroke-dashoffset:0;stroke-linejoin:miter;stroke-miterlimit:4;fill:#76adff;fill-rule:nonzero;opacity:1\" transform=\"translate(-118.284 -93.284)\"><\/path><\/g><\/g><\/svg><\/span><span class=\"gb-headline-text\">100 000 jeunes d\u00e9crocheurs chaque ann\u00e9e<\/span><\/h3>\n\n\n\n<p>Non-ma\u00eetrise de la lecture \u00e0 la fin de l\u2019\u00e9cole primaire, difficult\u00e9 \u00e0 trouver sa place et \u00e0 d\u00e9ployer son potentiel : <strong>chaque ann\u00e9e, ce sont 100 000 jeunes qui d\u00e9crochent, et risquent de se retrouver au ch\u00f4mage \u00e0 l\u2019\u00e2ge adulte<\/strong>. La France est un des pays les plus in\u00e9galitaires en termes de r\u00e9sultats scolaires, o\u00f9 l\u2019origine sociale p\u00e8se plus qu\u2019ailleurs (source : enqu\u00eate PISA de l\u2019OCDE).<\/p>\n\n<\/div>\n\n<div class=\"gb-container gb-container-4a8f7e07\">\n\n<h3 class=\"gb-headline gb-headline-d90906e2 gb-headline-3ad02691\"><span class=\"gb-icon\"><svg preserveAspectRatio=\"none\" xmlns=\"http:\/\/www.w3.org\/2000\/svg\" xml:space=\"preserve\" viewBox=\"0 0 100 100\" aria-hidden=\"true\"><g clip-path=\"url(#a)\" transform=\"matrix(.86463 0 0 .86463 50 50)\"><clipPath id=\"a\"><rect width=\"100\" height=\"100\" x=\"-50\" y=\"-50\" rx=\"0\" ry=\"0\"><\/rect><\/clipPath><path d=\"M85.043 84.937c13.862 0 25.1 11.238 25.1 25.1h24.9c0-27.614-22.386-50-50-50s-50 22.386-50 50h24.9c0-13.859 11.232-25.095 25.091-25.1z\" style=\"stroke:none;stroke-width:1;stroke-dasharray:none;stroke-linecap:butt;stroke-dashoffset:0;stroke-linejoin:miter;stroke-miterlimit:4;fill:#f8dd4a;fill-rule:nonzero;opacity:1\" transform=\"translate(-85.043 -85.037)\"><\/path><\/g><\/svg> <\/span><span class=\"gb-headline-text\">La solution passe par la petite enfance<\/span><\/h3>\n\n\n\n<p><strong>\u00c9veiller son tout-petit au langage, c\u2019est le pr\u00e9parer \u00e0 son entr\u00e9e (et sa r\u00e9ussite) \u00e0 l\u2019\u00e9cole<\/strong>. Les \u00e9tudes scientifiques montrent que le d\u00e9veloppement du langage oral favorise un meilleur apprentissage de la lecture. Communiquer avec son b\u00e9b\u00e9, c\u2019est doubler ses chances de r\u00e9ussir \u00e0 l\u2019\u00e9cole et dans la vie !<\/p>\n\n<\/div>\n\n<div class=\"gb-container gb-container-167ccf01\">\n\n<h3 class=\"gb-headline gb-headline-1afdb6f6 gb-headline-3ad02691\"><span class=\"gb-icon\"><svg preserveAspectRatio=\"none\" xmlns=\"http:\/\/www.w3.org\/2000\/svg\" xml:space=\"preserve\" viewBox=\"0 0 100 100\" aria-hidden=\"true\"><g><g clip-path=\"url(#a)\" transform=\"translate(72.635 50)\"><clipPath id=\"a\"><rect width=\"100\" height=\"100\" x=\"-50\" y=\"-50\" rx=\"0\" ry=\"0\"><\/rect><\/clipPath><path d=\"M105.668 58.155h19.9a34.826 34.826 0 0 1-34.827 34.829h-19.9a34.826 34.826 0 0 1 34.829-34.829Z\" style=\"stroke:none;stroke-width:1;stroke-dasharray:none;stroke-linecap:butt;stroke-dashoffset:0;stroke-linejoin:miter;stroke-miterlimit:4;fill:#ee2253;fill-rule:nonzero;opacity:1\" transform=\"translate(-98.204 -75.57)\"><\/path><\/g><g clip-path=\"url(#b)\" transform=\"translate(27.365 50)\"><clipPath id=\"b\"><rect width=\"100\" height=\"100\" x=\"-50\" y=\"-50\" rx=\"0\" ry=\"0\"><\/rect><\/clipPath><path d=\"M60.4 58.155h19.9a34.826 34.826 0 0 1-34.831 34.829H25.57A34.826 34.826 0 0 1 60.4 58.155Z\" style=\"stroke:none;stroke-width:1;stroke-dasharray:none;stroke-linecap:butt;stroke-dashoffset:0;stroke-linejoin:miter;stroke-miterlimit:4;fill:#ee2253;fill-rule:nonzero;opacity:1\" transform=\"translate(-52.935 -75.57)\"><\/path><\/g><\/g><\/svg> <\/span><span class=\"gb-headline-text\">Notre conviction : miser sur les parents !<\/span><\/h3>\n\n\n\n<p>Les cr\u00e8ches fran\u00e7aises, peu co\u00fbteuses pour les familles modestes, accueillent encore tr\u00e8s peu de jeunes enfants issus de milieux d\u00e9favoris\u00e9s. Notre ambition : <strong>proposer des solutions \u00e0 ces familles qui gardent eux-m\u00eames leur b\u00e9b\u00e9 \u00e0 la maison<\/strong>. Ils sont les premiers \u00e9ducateurs de leur b\u00e9b\u00e9, et ils ont en eux une motivation profonde pour pr\u00e9parer sa r\u00e9ussite future.<\/p>\n\n<\/div>\n<\/div>\n<\/div>\n<\/div>\n<\/section>\n\n<section class=\"gb-container gb-container-3307c393 gb-container-ddceac17\">\n<div class=\"gb-container gb-container-1df2401f\">\n<div class=\"gb-container gb-container-df6e41c6\">\n\n<h2 class=\"gb-headline gb-headline-9d988840 gb-headline-text\">1001mots sur le terrain&nbsp;: <br>au plus pr\u00e8s de <mark class=\"gb-highlight\">la petite enfance<\/mark><\/h2>\n\n<\/div>\n\n<div class=\"gb-container gb-container-1e9912df\">\n<div class=\"gb-container gb-container-7cdcd08e\">\n\n<h3 class=\"gb-headline gb-headline-5dbde7b4 gb-headline-3ad02691\"><span class=\"gb-icon\"><svg preserveAspectRatio=\"none\" xmlns=\"http:\/\/www.w3.org\/2000\/svg\" xml:space=\"preserve\" viewBox=\"0 0 100 100\" aria-hidden=\"true\"><g clip-path=\"url(#a)\" transform=\"translate(50 50)\"><clipPath id=\"a\"><rect width=\"100\" height=\"100\" x=\"-50\" y=\"-50\" rx=\"0\" ry=\"0\"><\/rect><\/clipPath><path d=\"m121.739 100.974 8.046-9.193-11.91-2.707 4.809-11.23-12.167 1.1 1.105-12.164-11.23 4.809-2.708-11.912-9.2 8.046-6.253-10.493-6.256 10.493-9.193-8.046-2.71 11.914-11.23-4.809 1.105 12.164-12.167-1.1 4.812 11.23-11.913 2.704 8.046 9.193-10.493 6.259h100Z\" style=\"stroke:none;stroke-width:1;stroke-dasharray:none;stroke-linecap:butt;stroke-dashoffset:0;stroke-linejoin:miter;stroke-miterlimit:4;fill:#00398f;fill-rule:nonzero;opacity:1\" transform=\"translate(-82.232 -82.231)\"><\/path><\/g><\/svg> <\/span><span class=\"gb-headline-text\">Les livres et les SMS<\/span><\/h3>\n\n\n\n<p class=\"gb-headline gb-headline-ad9df18b gb-headline-text\">L\u00e9ger et peu co\u00fbteux, le programme d\u2019accompagnement \u00e0 distance, diffusable partout en France, est <strong>adapt\u00e9 aux quotidiens de toutes les familles<\/strong>, m\u00eame les plus contraints. Il comprend la livraison de <strong>livres qui \u00e9voluent avec l\u2019\u00e2ge de l\u2019enfant<\/strong>, directement dans la bo\u00eete aux lettres des parents, ainsi que l\u2019envoi de 3&nbsp;SMS par semaine avec des conseils simples, rapides \u00e0 mettre en place&nbsp;: jeux de r\u00e9cup\u2019, chansons\u2026<\/p>\n\n\n\n<h3 class=\"gb-headline gb-headline-1106db24 gb-headline-3ad02691\"><span class=\"gb-icon\"><svg xmlns=\"http:\/\/www.w3.org\/2000\/svg\" xml:space=\"preserve\" viewBox=\"0 0 100 100\" aria-hidden=\"true\"><g clip-path=\"url(#a)\" transform=\"matrix(.80002 0 0 .80002 40 50)\"><clipPath id=\"a\"><rect width=\"100\" height=\"100\" x=\"-50\" y=\"-50\" rx=\"0\" ry=\"0\"><\/rect><\/clipPath><path d=\"m88.9 131.03-7.594-35.723-7.594 35.723-5.591-1.187 7.591-35.726-21.465 29.55-4.628-3.367 21.465-29.543-31.625 18.261-2.859-4.953L68.229 85.8l-36.321 3.822-.6-5.688 36.322-3.818L32.9 68.83l1.766-5.438L69.4 74.678 42.256 50.244l3.825-4.251 27.143 24.438-14.856-33.365 5.223-2.325 14.856 33.364V31.583h5.717v36.522L99.021 34.74l5.223 2.325-14.856 33.366 27.143-24.437 3.825 4.251-27.14 24.433 34.734-11.285 1.766 5.438-34.734 11.285 36.324 3.818-.6 5.688L94.383 85.8l31.631 18.261-2.862 4.953-31.624-18.257 21.465 29.543-4.628 3.363L86.9 94.117l7.594 35.726z\" style=\"stroke:none;stroke-width:1;stroke-dasharray:none;stroke-linecap:butt;stroke-dashoffset:0;stroke-linejoin:miter;stroke-miterlimit:4;fill:#f8dd4a;fill-rule:nonzero;opacity:1\" transform=\"translate(-81.307 -81.306)\"><\/path><\/g><\/svg><\/span><span class=\"gb-headline-text\">Le suivi par t\u00e9l\u00e9phone<\/span><\/h3>\n\n\n\n<p class=\"gb-headline gb-headline-1fe50cab gb-headline-text\">Chaque famille b\u00e9n\u00e9ficie du suivi bienveillant d\u2019une <strong>accompagnante en parentalit\u00e9<\/strong> (psychologue ou orthophoniste). Cette derni\u00e8re t\u00e9l\u00e9phone <strong>r\u00e9guli\u00e8rement<\/strong> aux parents afin de faire le point sur <strong>l\u2019\u00e9volution du langage de l\u2019enfant<\/strong>, leur donner des conseils et des id\u00e9es pour favoriser l\u2019interaction avec leur b\u00e9b\u00e9, et pour r\u00e9pondre \u00e0 leurs questions diverses.<\/p>\n\n<\/div>\n\n<div class=\"gb-container gb-container-aef8f796\">\n\n<figure class=\"gb-block-image gb-block-image-7bacbb13\"><img loading=\"lazy\" decoding=\"async\" width=\"508\" height=\"582\" class=\"gb-image gb-image-7bacbb13\" src=\"https:\/\/1001mots.org\/tests1001mots\/wp-content\/uploads\/2023\/12\/BannerHerro_image.png\" alt=\"\" srcset=\"https:\/\/1001mots.org\/tests1001mots\/wp-content\/uploads\/2023\/12\/BannerHerro_image.png 508w, https:\/\/1001mots.org\/tests1001mots\/wp-content\/uploads\/2023\/12\/BannerHerro_image-262x300.png 262w\" sizes=\"auto, (max-width: 508px) 100vw, 508px\" \/><\/figure>\n\n<\/div>\n<\/div>\n<\/div>\n\n<div class=\"gb-container gb-container-997e4e45\" id=\"impact\">\n\n<h2 class=\"gb-headline gb-headline-6988f328 gb-headline-text gb-headline-2fbe7351\">Notre <mark class=\"gb-highlight\">impact<\/mark><\/h2>\n\n\n<div class=\"gb-container gb-container-887d4679\">\n<div class=\"gb-container gb-container-7dcf6c47\">\n\n<h3 class=\"gb-headline gb-headline-1d19464f gb-headline-text gb-headline-3ad02691\">Un programme coconstruit et \u00e9valu\u00e9 par le J-PAL, laboratoire d\u2019Esther Duflo, prix Nobel<\/h3>\n\n\n\n<p>En 2020, le J-PAL a men\u00e9 une \u00e9valuation de notre programme : un effet de <strong>+20% sur les pratiques de lecture<\/strong> des parents ayant des enfants de 2 ans a \u00e9t\u00e9 mesur\u00e9.<\/p>\n\n\n<div class=\"gb-container gb-container-28011fa8\">\n\n<a class=\"gb-button gb-button-6796b2a1 gb-button-text gb-button-23f87dcb\" href=\"https:\/\/1001mots.org\/tests1001mots\/wp-content\/uploads\/2024\/02\/n59-notesIPP-oct2020.pdf\" target=\"_blank\" rel=\"noopener noreferrer\" aria-label=\"T\u00e9l\u00e9charger le PDF de la note J-PAL \/ IP\">Consulter la note J-PAL \/ IP<\/a>\n\n<\/div>\n<\/div>\n\n<div class=\"gb-container gb-container-16f94c60\">\n\n<h3 class=\"gb-headline gb-headline-aadea2c9 gb-headline-text gb-headline-3ad02691\">\u00c9valuation quantitative dans le Loiret : deux fois plus de lecture pour les 0-12 mois !<\/h3>\n\n\n\n<p>En 2021, une 2\u00e8me \u00e9valuation randomis\u00e9e a mesur\u00e9 <strong>un impact significatif de 1001mots sur les pratiques des parents<\/strong> : ceux qui ont commenc\u00e9 l\u2019accompagnement avant les 12 mois de leur b\u00e9b\u00e9 lisent 2 fois plus ! (<em>vs. les parents non accompagn\u00e9s).<\/em><\/p>\n\n\n\n<a class=\"gb-button gb-button-c5709782 gb-button-text gb-button-23f87dcb\" href=\"https:\/\/1001mots.org\/tests1001mots\/wp-content\/uploads\/2025\/01\/Synthese-impact-etude-Loiret_1001mots.pptx.pdf\" target=\"_blank\" rel=\"noopener noreferrer\" aria-label=\"T\u00e9l\u00e9charger le PDF de la note J-PAL \/ IP\">Consulter la synth\u00e8se<\/a>\n\n<\/div>\n\n<div class=\"gb-container gb-container-ab2afe1e\">\n\n<h3 class=\"gb-headline gb-headline-2ac5d7bd gb-headline-text gb-headline-3ad02691\">Etude qualitative BVA : 1001mots a fait une grande diff\u00e9rence pour leur enfant !<\/h3>\n\n\n\n<p>\u00ab&nbsp;C\u2019est plus comme avant, elle parle plus. <strong>Je la trouve plus sociable, plus \u00e0 l\u2019aise sur certaines choses<\/strong>. Quand je prends des livres elle essaie de lire, elle fait les bruits des animaux. \u00bb<\/p>\n\n\n\n<p>30 parents t\u00e9moignent sur l\u2019impact de 1001mots pour l\u2019\u00e9tude men\u00e9e dans les Hauts-de-Seine.<\/p>\n\n\n<div class=\"gb-container gb-container-8802d819\">\n\n<a class=\"gb-button gb-button-1d6af92e gb-button-text gb-button-23f87dcb\" href=\"https:\/\/1001mots.org\/tests1001mots\/wp-content\/uploads\/2024\/12\/2024mai_Rapport-detude-qualitative-BVA_xsight_resume.pdf\" target=\"_blank\" rel=\"noopener noreferrer\" aria-label=\"T\u00e9l\u00e9charger le PDF de la note J-PAL \/ IP\">Voir la synth\u00e8se<\/a>\n\n<\/div>\n<\/div>\n\n<div class=\"gb-container gb-container-d75ed67e\">\n\n<h3 class=\"gb-headline gb-headline-5d122d39 gb-headline-text gb-headline-3ad02691\">\u00c9valuer notre impact sur le d\u00e9veloppement des enfants<\/h3>\n\n\n\n<p>Nous travaillons actuellement au cadrage de&nbsp;<strong>notre prochaine \u00e9valuation scientifique&nbsp;<\/strong>visant \u00e0 mesurer&nbsp;<strong>notre impact sur le d\u00e9veloppement des enfants<\/strong>.<\/p>\n\n<\/div>\n<\/div>\n<\/div>\n\n\n<div class=\"gb-headline gb-headline-c2cd2d37\"><span class=\"gb-icon\"><svg preserveAspectRatio=\"none\" xmlns=\"http:\/\/www.w3.org\/2000\/svg\" xml:space=\"preserve\" viewBox=\"0 0 100 100\" aria-hidden=\"true\"><g><g clip-path=\"url(#a)\" transform=\"translate(64.594 64.467)\"><clipPath id=\"a\"><rect width=\"100\" height=\"100\" x=\"-50\" y=\"-50\" rx=\"0\" ry=\"0\"><\/rect><\/clipPath><path d=\"M99.538 99.4c.071.071.146.129.218.2-.071-.068-.129-.146-.2-.218Z\" style=\"stroke:none;stroke-width:1;stroke-dasharray:none;stroke-linecap:butt;stroke-dashoffset:0;stroke-linejoin:miter;stroke-miterlimit:4;fill:none;fill-rule:nonzero;opacity:1\" transform=\"translate(-99.647 -99.491)\"><\/path><\/g><g clip-path=\"url(#b)\" transform=\"translate(49.937 49.998)\"><clipPath id=\"b\"><rect width=\"100\" height=\"100\" x=\"-50\" y=\"-50\" rx=\"0\" ry=\"0\"><\/rect><\/clipPath><path d=\"M128.985 70.37a20.668 20.668 0 0 0-29.229 0c-.071.071-.129.15-.2.221-.024-.024-.041-.048-.065-.068l.054-.048c8.06-8.05 8.086-21.103.061-29.188-8.025-8.084-21.078-8.152-29.187-.152-8.11 8-8.218 21.053-.243 29.187-8.127-7.966-21.165-7.861-29.163.233-7.999 8.095-7.947 21.133.115 29.164 8.062 8.031 21.1 8.033 29.164.003l.065.061c-7.939 8.151-7.794 21.186.323 29.16 8.117 7.972 21.152 7.884 29.16-.2 8.008-8.082 7.975-21.118-.074-29.16-.071-.068-.146-.126-.218-.2l.02-.02c.068.071.126.15.2.218 8.089 7.96 21.084 7.91 29.11-.114 8.026-8.024 8.08-21.019.122-29.11Z\" style=\"stroke:none;stroke-width:1;stroke-dasharray:none;stroke-linecap:butt;stroke-dashoffset:0;stroke-linejoin:miter;stroke-miterlimit:4;fill:#00398f;fill-rule:nonzero;opacity:1\" transform=\"translate(-84.99 -85.022)\"><\/path><\/g><\/g><\/svg> <\/span><\/div>\n\n\n<div class=\"gb-container gb-container-e53b1879\">\n\n<div class=\"gb-element-ca8b800e\">\n<div>\n<figure class=\"gb-block-image gb-block-image-ef346664\"><img loading=\"lazy\" decoding=\"async\" width=\"1320\" height=\"1200\" class=\"gb-image gb-image-ef346664\" src=\"https:\/\/1001mots.org\/tests1001mots\/wp-content\/uploads\/2025\/10\/Carte-de-france-1001mots-3-1.png\" alt=\"\" srcset=\"https:\/\/1001mots.org\/tests1001mots\/wp-content\/uploads\/2025\/10\/Carte-de-france-1001mots-3-1.png 1320w, https:\/\/1001mots.org\/tests1001mots\/wp-content\/uploads\/2025\/10\/Carte-de-france-1001mots-3-1-300x273.png 300w, https:\/\/1001mots.org\/tests1001mots\/wp-content\/uploads\/2025\/10\/Carte-de-france-1001mots-3-1-1024x931.png 1024w, https:\/\/1001mots.org\/tests1001mots\/wp-content\/uploads\/2025\/10\/Carte-de-france-1001mots-3-1-768x698.png 768w\" sizes=\"auto, (max-width: 1320px) 100vw, 1320px\" \/><\/figure>\n<\/div>\n\n\n\n<div>\n<h2 class=\"gb-headline gb-headline-e580db32 gb-headline-text\" id=\"territoires\">Nos 14&nbsp;<mark class=\"gb-highlight\">territoires<\/mark> d\u2019action<\/h2>\n\n\n\n<p>En 2025, le programme 1001mots est propos\u00e9 dans&nbsp;<strong>14 d\u00e9partements<\/strong>. Notre objectif : renforcer notre action sur ces territoires couverts et doubler le nombre de territoires d&rsquo;action \u00e0 horizon 2027.<\/p>\n<\/div>\n<\/div>\n\n\n\n<div class=\"gb-tabs gb-tabs-80199c24\" data-opened-tab=\"1\">\n<div class=\"gb-tabs__menu gb-tabs__menu-95a26ef7\" role=\"tablist\">\n<div tabindex=\"0\" class=\"gb-tabs__menu-item tabs-menuitem gb-block-is-current\" role=\"tab\" id=\"gb-tab-menu-item-432ad77d\">\n<span class=\"gb-text gb-text-1d916af3\">Loiret<\/span>\n<\/div>\n\n\n\n<div tabindex=\"0\" class=\"gb-tabs__menu-item tabs-menuitem\" role=\"tab\" id=\"gb-tab-menu-item-bf769af1\">\n<span class=\"gb-text gb-text-98f79518\">Yvelines<\/span>\n<\/div>\n\n\n\n<div tabindex=\"0\" class=\"gb-tabs__menu-item tabs-menuitem\" role=\"tab\" id=\"gb-tab-menu-item-6c065a36\">\n<span class=\"gb-text gb-text-89612e41\">Paris<\/span>\n<\/div>\n\n\n\n<div tabindex=\"0\" class=\"gb-tabs__menu-item tabs-menuitem\" role=\"tab\" id=\"gb-tab-menu-item-d15a0210\">\n<span class=\"gb-text gb-text-d75de346\">Moselle<\/span>\n<\/div>\n\n\n\n<div tabindex=\"0\" class=\"gb-tabs__menu-item tabs-menuitem\" role=\"tab\" id=\"gb-tab-menu-item-5250d14c\">\n<span class=\"gb-text gb-text-340c4093\">Seine-Saint-Denis<\/span>\n<\/div>\n\n\n\n<div tabindex=\"0\" class=\"gb-tabs__menu-item tabs-menuitem\" role=\"tab\" id=\"gb-tab-menu-item-8476b6c7\">\n<span class=\"gb-text gb-text-c739e9ae\">Hauts-de-Seine<\/span>\n<\/div>\n\n\n\n<div tabindex=\"0\" class=\"gb-tabs__menu-item tabs-menuitem\" role=\"tab\" id=\"gb-tab-menu-item-d4777d8b\">\n<span class=\"gb-text gb-text-f78e39b9\">Rh\u00f4ne<\/span>\n<\/div>\n\n\n\n<div tabindex=\"0\" class=\"gb-tabs__menu-item tabs-menuitem\" role=\"tab\" id=\"gb-tab-menu-item-5a042aed\">\n<span class=\"gb-text gb-text-f5da707e\">Aube<\/span>\n<\/div>\n\n\n\n<div tabindex=\"0\" class=\"gb-tabs__menu-item tabs-menuitem\" role=\"tab\" id=\"gb-tab-menu-item-5f204abb\">\n<span class=\"gb-text gb-text-f76988c2\">Aisne<\/span>\n<\/div>\n\n\n\n<div tabindex=\"0\" class=\"gb-tabs__menu-item tabs-menuitem\" role=\"tab\" id=\"gb-tab-menu-item-3a3b085a\">\n<span class=\"gb-text gb-text-df13226e\">Marne<\/span>\n<\/div>\n\n\n\n<div tabindex=\"0\" class=\"gb-tabs__menu-item tabs-menuitem\" role=\"tab\" id=\"gb-tab-menu-item-9cf57d20\">\n<span class=\"gb-text gb-text-587f2a4a\">Oise<\/span>\n<\/div>\n\n\n\n<div tabindex=\"0\" class=\"gb-tabs__menu-item tabs-menuitem\" role=\"tab\" id=\"gb-tab-menu-item-b8a69a10\">\n<span class=\"gb-text gb-text-5d80d827\">Seine-et-Marne<\/span>\n<\/div>\n\n\n\n<div tabindex=\"0\" class=\"gb-tabs__menu-item tabs-menuitem\" role=\"tab\" id=\"gb-tab-menu-item-7e5d581d\">\n<span class=\"gb-text gb-text-b04c9491\">Essonne<\/span>\n<\/div>\n\n\n\n<div tabindex=\"0\" class=\"gb-tabs__menu-item tabs-menuitem\" role=\"tab\" id=\"gb-tab-menu-item-5586309f\">\n<span class=\"gb-text gb-text-5672f3b9\">Ain<\/span>\n<\/div>\n<\/div>\n\n\n\n<div class=\"gb-tabs__items\" role=\"tabpanel\">\n<div class=\"gb-tabs__item tabs-item gb-tabs__item-open\" id=\"gb-tab-item-571d5c88\"><div class=\"gb-container gb-container-dfb9f7e4\">\n<div class=\"gb-container gb-container-33417092\">\n<div class=\"gb-container gb-container-d9dae662\">\n\n<h2 class=\"gb-headline gb-headline-2a9f1d16 gb-headline-text\">Loiret<\/h2>\n\n\n\n<p class=\"gb-headline gb-headline-cf6eeb09 gb-headline-text\">Le D\u00e9partement du Loiret a lanc\u00e9 en 2019 un partenariat de grande envergure avec 1001mots. L\u2019accompagnement est propos\u00e9 aux familles par les professionnels de PMI de tout le territoire, tant dans les zones rurales que dans les quartiers prioritaires de Montargis et d\u2019Orl\u00e9ans comme la Source et l\u2019Argonne.<\/p>\n\n<\/div>\n\n<div class=\"gb-container gb-container-f7854b9a\">\n<div class=\"gb-container gb-container-fbe423d1 citation-min\">\n\n<blockquote class=\"wp-block-quote citation-min has-global-color-5-color has-text-color has-link-color wp-elements-3f87b69c28b23d0b9832a8a386594a4f is-layout-flow wp-block-quote-is-layout-flow\">\n<p>\u00ab Nous sommes tr\u00e8s heureuses \u00e0 la perspective d\u2019int\u00e9grer ce projet ! Les besoins sont \u00e9normes : nous suivons beaucoup de familles isol\u00e9es, d\u00e9munies. Votre programme va vraiment \u00eatre d\u2019une grande aide !&nbsp;\u00bb<\/p>\n<cite>Dr Pechard, PMI de Pithivers<\/cite><\/blockquote>\n\n<\/div>\n<\/div>\n<\/div>\n\n<div class=\"gb-container gb-container-1062ea02\">\n<div class=\"gb-container gb-container-7cf3abcb\">\n\n<p class=\"gb-headline gb-headline-d44ba6bc gb-headline-text\">Pr\u00e8s de 4 000 enfants inscrit depuis 2019<\/p>\n\n<\/div>\n\n<div class=\"gb-container gb-container-73baf40e\">\n\n<p class=\"gb-headline gb-headline-b54e99dd gb-headline-text\">4 lieux d\u2019ateliers : Orl\u00e9ans, Montargis, Gien et Pithiviers<\/p>\n\n<\/div>\n<\/div>\n<\/div><\/div>\n\n\n\n<div class=\"gb-tabs__item tabs-item\" id=\"gb-tab-item-f6e50465\"><div class=\"gb-container gb-container-978f1dd9\">\n<div class=\"gb-container gb-container-5a19079f\">\n<div class=\"gb-container gb-container-97753f37\">\n\n<h2 class=\"gb-headline gb-headline-0a10e424 gb-headline-text\">Yvelines<\/h2>\n\n\n\n<p class=\"gb-headline gb-headline-1e6272c1 gb-headline-text\">Territoire aux multiples facettes, le D\u00e9partement des Yvelines a lanc\u00e9 en 2020 un partenariat ambitieux avec 1001mots, qui accompagne des familles \u00e0 Trappes, Plaisir, Les Mureaux ou Mantes-la-Jolie par exemple. En recherche de financements publics et priv\u00e9s sur le territoire, l&rsquo;association est actuellement contraint de mettre en pause les inscriptions des familles yvelinoises.<\/p>\n\n<\/div>\n\n<div class=\"gb-container gb-container-102ce583\">\n\n<blockquote class=\"wp-block-quote citation-min has-global-color-5-color has-text-color has-link-color wp-elements-a58625c92f57859403848d8f7ecd6476 is-layout-flow wp-block-quote-is-layout-flow\">\n<p>\u00ab J\u2019ai vu le changement de comportement d\u2019un enfant, plus calme et avec un langage qui s\u2019\u00e9toffe. Sa maman s\u2019est investie dans le programme et le r\u00e9sultat est visible sur l\u2019enfant. \u00bb<\/p>\n<cite>Pu\u00e9ricultrice de la PMI de Plaisir<\/cite><\/blockquote>\n\n<\/div>\n<\/div>\n\n<div class=\"gb-container gb-container-5ca3be78\">\n<div class=\"gb-container gb-container-794a42b6\">\n\n<p class=\"gb-headline gb-headline-5391d6bd gb-headline-text\">3000 enfants accompagn\u00e9s entre 2020 et 2025<\/p>\n\n<\/div>\n\n<div class=\"gb-container gb-container-3f07d4bb\">\n\n<p class=\"gb-headline gb-headline-4f9d319e gb-headline-text\">107 ateliers entre 2020 et 2025<\/p>\n\n<\/div>\n<\/div>\n<\/div><\/div>\n\n\n\n<div class=\"gb-tabs__item tabs-item\" id=\"gb-tab-item-5e95b0dd\"><div class=\"gb-container gb-container-657600ac\">\n<div class=\"gb-container gb-container-d7230b9e\">\n<div class=\"gb-container gb-container-f378d7ea\">\n\n<h2 class=\"gb-headline gb-headline-dd48b619 gb-headline-text\">Paris<\/h2>\n\n\n\n<p class=\"gb-headline gb-headline-4f3ddeb3 gb-headline-text\">Paris, ville o\u00f9 abondent les richesses culturelles mais aussi la pauvret\u00e9, est un territoire d\u2019action de 1001mots de la premi\u00e8re heure. Depuis notre cr\u00e9ation en 2017, nous y avons accompagn\u00e9 des centaines de familles dans le cadre d\u2019ateliers parents-enfants jusqu&rsquo;en 2025 et de notre programme \u00e0 distance, gr\u00e2ce notamment \u00e0 un partenariat avec la Cit\u00e9 Educative du 18\u00e8me arrondissement.<\/p>\n\n<\/div>\n\n<div class=\"gb-container gb-container-0e705476\">\n\n<blockquote class=\"wp-block-quote citation-min has-global-color-5-color has-text-color has-link-color wp-elements-eacc4490e0b01095245ddcee240f8c88 is-layout-flow wp-block-quote-is-layout-flow\">\n<p>&nbsp;\u00ab J\u2019ai inscrit Nathana\u00ebl \u00e0 1001mots gr\u00e2ce au mail que j\u2019ai re\u00e7u de la CAF. Tout est b\u00e9n\u00e9fique dans l\u2019accompagnement : les livres, les conseils, et la flexibilit\u00e9 dans l\u2019organisation des appels.\u201d<\/p>\n<cite><em>Papa de Nathana\u00ebl, 15 mois, inscrit via un mailing de la CAF de Paris.<\/em><\/cite><\/blockquote>\n\n<\/div>\n<\/div>\n\n<div class=\"gb-container gb-container-b1f844bb\">\n<div class=\"gb-container gb-container-4666ae80\">\n\n<p class=\"gb-headline gb-headline-2fe9863c gb-headline-text\">1200 enfants accompagn\u00e9s depuis 2017<\/p>\n\n<\/div>\n\n<div class=\"gb-container gb-container-86f1c271\">\n\n<p class=\"gb-headline gb-headline-57ffe2d3 gb-headline-text\">46 ateliers entre 2021 et 2025<\/p>\n\n<\/div>\n<\/div>\n<\/div><\/div>\n\n\n\n<div class=\"gb-tabs__item tabs-item\" id=\"gb-tab-item-eb3131aa\"><div class=\"gb-container gb-container-b3dd115d\">\n<div class=\"gb-container gb-container-78c1822b\">\n<div class=\"gb-container gb-container-150d1668\">\n\n<h2 class=\"gb-headline gb-headline-b43a328e gb-headline-text\">Moselle<\/h2>\n\n\n\n<p class=\"gb-headline gb-headline-d78804c2 gb-headline-text\">D\u00e9j\u00e0 rompue \u00e0 la pr\u00e9vention aupr\u00e8s des familles vuln\u00e9rables, le D\u00e9partement de la Moselle a ajout\u00e9 une corde \u00e0 son arc en 2021 : le programme 1001mots.<br>Depuis 2022, l\u2019engagement de la CAF nous permet de toucher encore plus d\u2019enfants, tant dans les zones rurales du pays de Bitche que dans le Bassin Houiller ou la vall\u00e9e de la Fensch. <\/p>\n\n\n\n<p>Un comit\u00e9 de copilotage incluant la Caf et le d\u00e9partement est tenu chaque ann\u00e9e pour coordonner les actions autour de 1001mots.<\/p>\n\n<\/div>\n\n<div class=\"gb-container gb-container-c1387f05\">\n\n<blockquote class=\"wp-block-quote citation-min has-global-color-5-color has-text-color has-link-color wp-elements-a61258f5d44477c753e2e76682d1c1c0 is-layout-flow wp-block-quote-is-layout-flow\">\n<p>\u00ab Il y a de plus en plus de besoins pour les familles sur notre territoire. Pour nous, 1001mots est vraiment un plus ! \u00bb<\/p>\n<cite><em>Maryline Gast, M\u00e9decin cheffe de service<\/em><\/cite><\/blockquote>\n\n<\/div>\n<\/div>\n\n<div class=\"gb-container gb-container-ac18aaa4\">\n<div class=\"gb-container gb-container-7a33b0dd\">\n\n<p class=\"gb-headline gb-headline-21237b42 gb-headline-text\">Plus de 600 enfants inscrits par la Caf et les PMIs en 2025<\/p>\n\n<\/div>\n<\/div>\n<\/div><\/div>\n\n\n\n<div class=\"gb-tabs__item tabs-item\" id=\"gb-tab-item-1fb32e88\"><div class=\"gb-container gb-container-3d8dd710\">\n<div class=\"gb-container gb-container-45072531\">\n<div class=\"gb-container gb-container-6cbb983d\">\n\n<h2 class=\"gb-headline gb-headline-f2ce78cb gb-headline-text\">Seine-Saint-Denis<\/h2>\n\n\n\n<p class=\"gb-headline gb-headline-a79b4afd gb-headline-text\">Gr\u00e2ce \u00e0 la Caf 93, un de nos partenaires historiques, nous accompagnons des familles vuln\u00e9rables depuis 2021 en Seine-Saint-Denis. Le d\u00e9partement a rejoint le dispositif fin 2024 pour donner encore plus d&rsquo;ampleur \u00e0 notre action dans ce territoire aux besoins cons\u00e9quents. Ainsi, des dizaines d&rsquo;\u00e9quipes de PMI ont pu commencer \u00e0 inscrire des familles \u00e0 notre accompagnement.<\/p>\n\n<\/div>\n\n<div class=\"gb-container gb-container-117e436f\">\n\n<blockquote class=\"wp-block-quote citation-min has-global-color-5-color has-text-color has-link-color wp-elements-d2feb8e2ec4dcc925d2d0b33bebb11f4 is-layout-flow wp-block-quote-is-layout-flow\">\n<p><\/p>\n<cite><em>\u00ab 1001mots s&rsquo;inscrit dans une d\u00e9marche d&rsquo;investissement social qui est au c\u0153ur des missions de la CAF. Leur action est indispensable pour lutter contre les in\u00e9galit\u00e9s !&nbsp;\u00bb<br>Aminata Ma\u00efga, Directrice des Prestations et de l&rsquo;Action sociale, Caf du 93<\/em><\/cite><\/blockquote>\n\n<\/div>\n<\/div>\n\n<div class=\"gb-container gb-container-2868d271\">\n<div class=\"gb-container gb-container-8ef7f2ab\">\n\n<p class=\"gb-headline gb-headline-3f2f3e8d gb-headline-text\">Plus de 8000 enfants inscrits depuis 2021<\/p>\n\n<\/div>\n\n<div class=\"gb-container gb-container-af12c35f\">\n\n<p class=\"gb-headline gb-headline-0dc4bc6b gb-headline-text\">2 lieux d\u2019ateliers : Aulnay-sous-Bois, Bondy<\/p>\n\n<\/div>\n<\/div>\n<\/div><\/div>\n\n\n\n<div class=\"gb-tabs__item tabs-item\" id=\"gb-tab-item-472cda02\"><div class=\"gb-container gb-container-f82156d1\">\n<div class=\"gb-container gb-container-8d4f11b5\">\n<div class=\"gb-container gb-container-588a74b8\">\n\n<h2 class=\"gb-headline gb-headline-be5c364b gb-headline-text\">Hauts-de-Seine<\/h2>\n\n\n\n<p class=\"gb-headline gb-headline-20552e59 gb-headline-text\">Aux portes de la capitale, les Hauts-de-Seine couvrent des r\u00e9alit\u00e9s tr\u00e8s diverses. Le d\u00e9partement, constatant des retards de langage croissants, s\u2019est tourn\u00e9 vers 1001mots pour r\u00e9sorber ces difficult\u00e9s. Apr\u00e8s les centres de PMI de Villeneuve-la-Garenne et d&rsquo;Asni\u00e8res-sur-Seine, ceux de Nanterre ont rejoint le dispositif fin 2024 pour permettre \u00e0 600 b\u00e9b\u00e9s altos\u00e9quanais par an de b\u00e9n\u00e9ficier de notre accompagnement.<\/p>\n\n<\/div>\n\n<div class=\"gb-container gb-container-c2bfcc2b\">\n\n<blockquote class=\"wp-block-quote citation-min has-global-color-5-color has-text-color has-link-color wp-elements-3b1c08887f4fbba1bdbdfc587974f21c is-layout-flow wp-block-quote-is-layout-flow\">\n<p id=\"block-c8fd603b-5527-4fc8-826c-151322a1e249\">\u00ab 1001mots permet de pr\u00e9venir ces troubles tr\u00e8s pr\u00e9cocement, en pla\u00e7ant le parent au c\u0153ur du message. Son accompagnement facilite le d\u00e9veloppement du lien parent\/enfant et du langage. \u00bb<\/p>\n\n\n\n<p id=\"block-c8fd603b-5527-4fc8-826c-151322a1e249\">Dr. Elisabeth Hausherr, directrice mission sant\u00e9 publique du 92<\/p>\n<\/blockquote>\n\n<\/div>\n<\/div>\n\n<div class=\"gb-container gb-container-0e8809ce\">\n<div class=\"gb-container gb-container-033d089a\">\n\n<p class=\"gb-headline gb-headline-d4b0d49f gb-headline-text\">Plus de 1500  enfants accompagn\u00e9s depuis 2023<\/p>\n\n<\/div>\n\n<div class=\"gb-container gb-container-d510aa83\">\n\n<p class=\"gb-headline gb-headline-3156421e gb-headline-text\">2 lieux d&rsquo;ateliers : Asni\u00e8res-sur-Seine &amp; Villeneuve-la-Garenne<\/p>\n\n<\/div>\n<\/div>\n<\/div><\/div>\n\n\n\n<div class=\"gb-tabs__item tabs-item\" id=\"gb-tab-item-2b7866b5\"><div class=\"gb-container gb-container-04cf7cad\">\n<div class=\"gb-container gb-container-53df9d8d\">\n<div class=\"gb-container gb-container-a9729052\">\n\n<h2 class=\"gb-headline gb-headline-3d81f706 gb-headline-text\">Rh\u00f4ne<\/h2>\n\n\n\n<p class=\"gb-headline gb-headline-5df78998 gb-headline-text\">Gr\u00e2ce au soutien du fonds de dotation bioM\u00e9rieux, 1001mots se d\u00e9ploie depuis 2023 sur la m\u00e9tropole lyonnaise. En 2024, 150 enfants ont ainsi pu \u00eatre inscrits par des partenaires locaux comme la CPTS de Vaulx-en-Velin. Depuis 2025, 1001mots travaille main dans la main avec les PMIs de Rh\u00f4ne-Amont. Notre objectif commun : accompagner et soutenir l\u2019\u00e9veil au langage des b\u00e9b\u00e9s n\u00e9s dans des milieux vuln\u00e9rables, sur Meyzieu, D\u00e9cines-Charpieu et Vaulx-en-Velin.<\/p>\n\n<\/div>\n\n<div class=\"gb-container gb-container-55fb1282\">\n\n<blockquote class=\"wp-block-quote citation-min has-global-color-5-color has-text-color has-link-color wp-elements-f28a12046cbdb6bece491e5026263614 is-layout-flow wp-block-quote-is-layout-flow\">\n<p>\u00ab Quasiment toutes les familles que je rencontre dans mon secteur ont besoin d\u2019un accompagnement \u00e0 l\u2019\u00e9veil langagier de leur enfant. Nous avons h\u00e2te de pouvoir orienter davantage de familles ! \u00bb<\/p>\n\n\n\n<p><em>Camille Delest, M\u00e9decin g\u00e9n\u00e9raliste membre de la CPTS de Vaulx-en-Velin.<\/em><\/p>\n<\/blockquote>\n\n<\/div>\n<\/div>\n\n<div class=\"gb-container gb-container-ed888f7a\">\n<div class=\"gb-container gb-container-81c80544\">\n\n<p class=\"gb-headline gb-headline-fcd01aeb gb-headline-text\">150 enfants inscrits en 6 mois par les PMIs de Rh\u00f4ne-Amont<\/p>\n\n<\/div>\n\n<div class=\"gb-container gb-container-f7dd488b\">\n\n<p class=\"gb-headline gb-headline-4809f28c gb-headline-text\">450 enfants rhodaniens accompagn\u00e9es depuis 2023<\/p>\n\n<\/div>\n<\/div>\n<\/div><\/div>\n\n\n\n<div class=\"gb-tabs__item tabs-item\" id=\"gb-tab-item-100358d0\"><div class=\"gb-container gb-container-e5e17c05\">\n<div class=\"gb-container gb-container-0c9000d8\">\n<div class=\"gb-container gb-container-850e817f\">\n\n<h2 class=\"gb-headline gb-headline-24cf3c34 gb-headline-text\">Aube<\/h2>\n\n\n\n<p class=\"gb-headline gb-headline-083fe000 gb-headline-text\">Le D\u00e9partement de l\u2019Aube a fait de la lutte contre les in\u00e9galit\u00e9s de chance d\u00e8s la petite enfance l\u2019une de ses priorit\u00e9s. Aussi, le Conseil D\u00e9partemental de l&rsquo;Aube, la Caf de l&rsquo;Aube et l&rsquo;ARS Grand-Est s&rsquo;engagent aux c\u00f4t\u00e9s de 1001mots pour accompagner les enfants des Quartiers Prioritaires de la Ville mais aussi ceux des territoires ruraux.<\/p>\n\n<\/div>\n\n<div class=\"gb-container gb-container-350dcf18\">\n\n<blockquote class=\"wp-block-quote citation-min has-global-color-5-color has-text-color has-link-color wp-elements-84b558308c1ed875b89c1dfe1d7f1e81 is-layout-flow wp-block-quote-is-layout-flow\">\n<p><em>\u00ab\u00a0Le premier constat des enseignants de petite section : des difficult\u00e9s d\u2019acquisition du langage qui ne cessent d&rsquo;augmenter. 1001mots vient apporter une r\u00e9ponse innovante, en proposant d&rsquo;agir en pr\u00e9ventif.\u00a0\u00bb<\/em><br>G\u00e9raldine Rentmeister, Charg\u00e9e de mission Pr\u00e9vention en action sociale, Conseil d\u00e9partemental de l&rsquo;Aube <\/p>\n<\/blockquote>\n\n<\/div>\n<\/div>\n\n<div class=\"gb-container gb-container-a10d1fe2\">\n<div class=\"gb-container gb-container-448ee4bc\">\n\n<p class=\"gb-headline gb-headline-954dc0fc gb-headline-text\">8 MDS&nbsp; et 4 Maisons des 1000 jours partenaires <\/p>\n\n<\/div>\n\n<div class=\"gb-container gb-container-44dcfa59\">\n\n<p class=\"gb-headline gb-headline-b9c47165 gb-headline-text\">200 enfants \u00e0 inscrire en 2025<\/p>\n\n<\/div>\n<\/div>\n<\/div><\/div>\n\n\n\n<div class=\"gb-tabs__item tabs-item\" id=\"gb-tab-item-a8177dd8\"><div class=\"gb-container gb-container-455bb779\">\n<div class=\"gb-container gb-container-0b6de166\">\n<div class=\"gb-container gb-container-bc3b11ef\">\n\n<h2 class=\"gb-headline gb-headline-2280ca18 gb-headline-text\">Aisne<\/h2>\n\n\n\n<p class=\"gb-headline gb-headline-52691e7d gb-headline-text\">En 2024, la Caf de l\u2019Aisne et 1001mots ont lanc\u00e9 une exp\u00e9rimentation visant \u00e0 accompagner 100 enfants sur un territoire particuli\u00e8rement touch\u00e9 par l\u2019illettrisme. Ce partenariat innovant, qui a permis de renforcer l\u2019\u00e9veil au langage d\u00e8s le plus jeune \u00e2ge, fait actuellement l\u2019objet d\u2019une \u00e9valuation en vue d\u2019un possible renouvellement de l\u2019action.<\/p>\n\n<\/div>\n\n<div class=\"gb-container gb-container-23cb4210\">\n\n<blockquote class=\"wp-block-quote citation-min has-global-color-5-color has-text-color has-link-color wp-elements-d45a188c66f087e84655ef6593fb842a is-layout-flow wp-block-quote-is-layout-flow\">\n<p><em>\u201cJe me suis inscrite gr\u00e2ce \u00e0 la Caf, je voulais apprendre \u00e0 mon enfant \u00e0 parler. Je n&rsquo;avais aucun livre \u00e0 la maison, maintenant que je le lis avec Diego il adore les livres.<\/em><br><em>Gr\u00e2ce aux appels et SMS, j&rsquo;ai appris comment aider mon enfant \u00e0 parler. Avant, je ne savais pas comme c&rsquo;\u00e9tait important.\u00a0\u00bb<\/em><br>Maman de Diego (15 mois), \u00e0 Saint-Quentin<\/p>\n<\/blockquote>\n\n<\/div>\n<\/div>\n\n<div class=\"gb-container gb-container-b6179a44\">\n<div class=\"gb-container gb-container-0ad9e714\">\n\n<p class=\"gb-headline gb-headline-6af840f3 gb-headline-text\">102 enfants accompagn\u00e9s en 2024 et 2025 <\/p>\n\n<\/div>\n\n<div class=\"gb-container gb-container-aa8b4049\">\n\n<p class=\"gb-headline gb-headline-cb0ad5bf gb-headline-text\">Dans 49 communes diff\u00e9rentes de l&rsquo;Aisne<\/p>\n\n<\/div>\n<\/div>\n<\/div><\/div>\n\n\n\n<div class=\"gb-tabs__item tabs-item\" id=\"gb-tab-item-d7d9642f\"><div class=\"gb-container gb-container-1fa7be48\">\n<div class=\"gb-container gb-container-9887e05c\">\n<div class=\"gb-container gb-container-2e7b26a2\">\n\n<h2 class=\"gb-headline gb-headline-c88a1c88 gb-headline-text\">Marne<\/h2>\n\n\n\n<p class=\"gb-headline gb-headline-813e29f6 gb-headline-text\">La Cit\u00e9 Educative Croix-Rouge de Reims s&rsquo;associe \u00e0 1001mots pour \u00e9veiller le langage des 0-3 ans avant leur entr\u00e9e \u00e0 l&rsquo;\u00e9cole. Sur le terrain, les directrices d&rsquo;\u00e9coles maternelles, l&rsquo;assistante sociale de la Cit\u00e9 Educative, les professionnell.les de la Guidance familiale et de la Ligue de l&rsquo;Enseignement s&rsquo;engagent pour la r\u00e9ussite \u00e9ducative de chaque enfant et identifient ceux qui pourront \u00eatre accompagn\u00e9s par 1001mots.<\/p>\n\n<\/div>\n\n<div class=\"gb-container gb-container-6d922c48\">\n\n<blockquote class=\"wp-block-quote citation-min has-global-color-5-color has-text-color has-link-color wp-elements-02ad55d4276aa991d44f645551128a61 is-layout-flow wp-block-quote-is-layout-flow\">\n<p><em>\u00ab\u00a0A l&rsquo;entr\u00e9e \u00e0 l&rsquo;\u00e9cole maternelle, nous avons constat\u00e9 un \u00e9cart important entre les comp\u00e9tences langagi\u00e8res des enfants qui ont eu acc\u00e8s \u00e0 une structure d&rsquo;accueil et ceux qui n&rsquo;y ont pas eu acc\u00e8s. Cet \u00e9cart se d\u00e9veloppe de plus en plus et \u00e7a cr\u00e9e des difficult\u00e9s pour les professeurs de maternelle.\u00a0\u00bb<\/em><br>M. Millard-Rannou, Chef de fil de la Cit\u00e9 Educative Croix-Rouge de Reims<\/p>\n<\/blockquote>\n\n<\/div>\n<\/div>\n\n<div class=\"gb-container gb-container-7fe198b8\">\n<div class=\"gb-container gb-container-cbe810ca\">\n\n<p class=\"gb-headline gb-headline-5d69059f gb-headline-text\">20 enfants \u00e0 inscrire en 2025 <\/p>\n\n<\/div>\n\n<div class=\"gb-container gb-container-d09ac99c\">\n\n<p class=\"gb-headline gb-headline-c31a4961 gb-headline-text\">9 \u00e9coles maternelles sur le territoire de la Cit\u00e9 Educative<\/p>\n\n<\/div>\n<\/div>\n<\/div><\/div>\n\n\n\n<div class=\"gb-tabs__item tabs-item\" id=\"gb-tab-item-8c1d006c\"><div class=\"gb-container gb-container-c95eba61\">\n<div class=\"gb-container gb-container-17ba128b\">\n<div class=\"gb-container gb-container-e153dd67\">\n\n<h2 class=\"gb-headline gb-headline-d9f86a63 gb-headline-text\">Oise<\/h2>\n\n\n\n<p class=\"gb-headline gb-headline-5b65a44f gb-headline-text\">Avec pr\u00e8s de 10% des enfants de 4 ans orient\u00e9s vers une orthophoniste lors du bilan de sant\u00e9 en \u00e9cole maternelle, l&rsquo;Oise est un territoire d&rsquo;action prioritaire de 1001mots. Gr\u00e2ce \u00e0 un partenariat officialis\u00e9 en fin d&rsquo;ann\u00e9e 2024 avec l&rsquo;association, la Caf de l&rsquo;Oise a souhait\u00e9 mener une exp\u00e9rimentation aupr\u00e8s des familles vuln\u00e9rables du d\u00e9partement en 2025. Celle-ci a \u00e9t\u00e9 un succ\u00e8s, avec 300 b\u00e9b\u00e9s accompagn\u00e9s, situ\u00e9s dans 89 communes diff\u00e9rentes de l&rsquo;Oise.<\/p>\n\n<\/div>\n\n<div class=\"gb-container gb-container-bc72b44b\">\n\n<blockquote class=\"wp-block-quote citation-min has-global-color-5-color has-text-color has-link-color wp-elements-5b1e83d4a2efd0ea63bf46fe3d9b7943 is-layout-flow wp-block-quote-is-layout-flow\">\n<p><em>\u00ab\u00a0Depuis que je parle avec lui, j&rsquo;ai remarqu\u00e9 qu&rsquo;il essayait de dire des syllabes, qu&rsquo;il veut me r\u00e9pondre. Je croyais qu&rsquo;il allait juste comprendre mais pas de r\u00e9pondre, quel changement en peu de temps. Ca m&rsquo;a donn\u00e9 envie de lui parler tout le temps, j&rsquo;essaie de mettre des mots sur tout.\u00a0\u00bb<\/em><br>Maman d&rsquo;Isma\u00ebl, 13 mois, inscrit via un mailing de la Caf de l&rsquo;Oise<\/p>\n<\/blockquote>\n\n<\/div>\n<\/div>\n\n<div class=\"gb-container gb-container-ce2f73c3\">\n<div class=\"gb-container gb-container-bb128b52\">\n\n<p class=\"gb-headline gb-headline-f7cc06d2 gb-headline-text\">304 enfants accompagn\u00e9s en 2025 <\/p>\n\n<\/div>\n\n<div class=\"gb-container gb-container-2cb7e7a8\">\n\n<p class=\"gb-headline gb-headline-8260220d gb-headline-text\">Dans 89  communes<\/p>\n\n<\/div>\n<\/div>\n<\/div><\/div>\n\n\n\n<div class=\"gb-tabs__item tabs-item\" id=\"gb-tab-item-e65c10b4\"><div class=\"gb-container gb-container-151fabbe\">\n<div class=\"gb-container gb-container-bdb82699\">\n<div class=\"gb-container gb-container-4fef442c\">\n\n<h2 class=\"gb-headline gb-headline-f5a6881e gb-headline-text\">Seine-et-Marne<\/h2>\n\n\n\n<p class=\"gb-headline gb-headline-cee97ada gb-headline-text\">En juin et juillet 2025, l&rsquo;association a eu l&rsquo;occasion de rencontrer une dizaine d&rsquo;acteurs seine-et-marnais de la petite enfance afin d&rsquo;\u00e9tablir un diagnostic de territoire, qu&rsquo;elle a ensuite pr\u00e9sent\u00e9 \u00e0 la Caf de Seine-et-Marne. Ce diagnostic a mis en avant les besoins existants sur l&rsquo;ensemble du territoire, et en particulier ceux de Montereau, Coulommiers ou Provins qui font, gr\u00e2ce \u00e0 l&rsquo;accord de la Caf, l&rsquo;objet d&rsquo;une exp\u00e9rimentation \u00e0 partir de fin 2025. L&rsquo;association recherche par ailleurs des m\u00e9c\u00e8nes locaux pour permettre de donner plus d&rsquo;ampleur \u00e0 son action \u00e0 moyen terme.<\/p>\n\n<\/div>\n\n<div class=\"gb-container gb-container-6dafb616\">\n\n<blockquote class=\"wp-block-quote citation-min has-global-color-5-color has-text-color has-link-color wp-elements-0c120200048397053e17949f6f8204f3 is-layout-flow wp-block-quote-is-layout-flow\">\n<p><em>\u00ab\u00a0Si on commence \u00e0 travailler d\u00e8s le plus jeune \u00e2ge des enfants, l\u00e0 o\u00f9 les parents ne peuvent pas et qu\u2019on donne leur chance \u00e0 ces enfants, on peut peut-\u00eatre aider \u00e0 ce que le parcours scolaire soit plus efficient.\u201d<\/em><br>Maison des 1000 jours &#8211; Savigny-le-Temple<\/p>\n<\/blockquote>\n\n<\/div>\n<\/div>\n\n<div class=\"gb-container gb-container-9a979d79\">\n<div class=\"gb-container gb-container-89932e8c\">\n\n<p class=\"gb-headline gb-headline-495aa533 gb-headline-text\">140 enfants \u00e0 accompagner en 2025 <\/p>\n\n<\/div>\n\n<div class=\"gb-container gb-container-12a8c147\">\n\n<p class=\"gb-headline gb-headline-679673a1 gb-headline-text\"><\/p>\n\n<\/div>\n<\/div>\n<\/div><\/div>\n\n\n\n<div class=\"gb-tabs__item tabs-item\" id=\"gb-tab-item-a520491f\"><div class=\"gb-container gb-container-3d62f36a\">\n<div class=\"gb-container gb-container-fbea324c\">\n<div class=\"gb-container gb-container-b70ea707\">\n\n<h2 class=\"gb-headline gb-headline-2d290c2d gb-headline-text\">Essonne<\/h2>\n\n\n\n<p class=\"gb-headline gb-headline-0c4065ca gb-headline-text\">En juin et juillet 2025, l&rsquo;association a eu l&rsquo;occasion de rencontrer une dizaine d&rsquo;acteurs seine-et-marnais de la petite enfance afin d&rsquo;\u00e9tablir un diagnostic de territoire, qu&rsquo;elle a ensuite pr\u00e9sent\u00e9 \u00e0 la Caf de Seine-et-Marne. Ce diagnostic a mis en avant les besoins existants sur l&rsquo;ensemble du territoire, et en particulier ceux de Montereau, Coulommiers ou Provins qui font, gr\u00e2ce \u00e0 l&rsquo;accord de la Caf, l&rsquo;objet d&rsquo;une exp\u00e9rimentation \u00e0 partir de fin 2025. L&rsquo;association recherche par ailleurs des m\u00e9c\u00e8nes locaux pour permettre de donner plus d&rsquo;ampleur \u00e0 son action \u00e0 moyen terme.<\/p>\n\n<\/div>\n\n<div class=\"gb-container gb-container-87a5ce9e\">\n\n<blockquote class=\"wp-block-quote citation-min has-global-color-5-color has-text-color has-link-color wp-elements-b94f00da08d2eb737f02644d479a489c is-layout-flow wp-block-quote-is-layout-flow\">\n<p><em>\u00ab\u00a0Au d\u00e9but j&rsquo;avais du mal, quand j&rsquo;ai re\u00e7u le livre, \u00e7a ne l&rsquo;int\u00e9ressait pas du tout, mais maintenant il va le chercher tout seul, il adore celui avec les animaux. Il y a vraiment un avant\/apr\u00e8s en 2 mois \u00e0 peine je ne pensais pas que \u00e7a pourrait aller aussi vite, je suis vraiment surprise.\u00a0\u00bb<\/em><br>Maman de Kha\u00efs, \u00e0 Draveil, 9 mois, inscrit via un mailing de la Caf<\/p>\n<\/blockquote>\n\n<\/div>\n<\/div>\n\n<div class=\"gb-container gb-container-b931d95a\">\n<div class=\"gb-container gb-container-80fc457f\">\n\n<p class=\"gb-headline gb-headline-0b9bffcb gb-headline-text\">Pr\u00e8s de 500 enfants accompagn\u00e9s en 2025 gr\u00e2ce \u00e0 la Caf<\/p>\n\n<\/div>\n\n<div class=\"gb-container gb-container-737fb296\">\n\n<p class=\"gb-headline gb-headline-2034233d gb-headline-text\">Dans 69  communes<\/p>\n\n<\/div>\n<\/div>\n<\/div><\/div>\n\n\n\n<div class=\"gb-tabs__item tabs-item\" id=\"gb-tab-item-b0b8b534\"><div class=\"gb-container gb-container-3b47028d\">\n<div class=\"gb-container gb-container-6c77748a\">\n<div class=\"gb-container gb-container-08825edc\">\n\n<h2 class=\"gb-headline gb-headline-aad77665 gb-headline-text\">Ain<\/h2>\n\n\n\n<p class=\"gb-headline gb-headline-5ba4b0e1 gb-headline-text\">Ayant rep\u00e9r\u00e9 des difficult\u00e9s langagi\u00e8res de plus en plus pr\u00e9sentes lors des bilans de sant\u00e9 en \u00e9cole maternelle, le d\u00e9partement a sign\u00e9 un partenariat avec 1001mots fin 2023 pour accompagner 330 familles par an puis 500 familles par an. Convaincu de la pertinence de l\u2019action pour les familles des territoires urbains avec de fortes poches de pauvret\u00e9, comme pour les familles isol\u00e9es des territoires ruraux, la Caf de l&rsquo;Ain s&rsquo;est joint au partenariat en lan\u00e7ant une exp\u00e9rimentation sur la fin d&rsquo;ann\u00e9e 2025.<\/p>\n\n<\/div>\n\n<div class=\"gb-container gb-container-889339bc\">\n\n<blockquote class=\"wp-block-quote citation-min has-global-color-5-color has-text-color has-link-color wp-elements-39d884d473481480bf5f7632f7829fde is-layout-flow wp-block-quote-is-layout-flow\">\n<p><strong>\u00ab\u00a0Avec G\u00e9raldine, on a eu de tr\u00e8s longues conversations :&nbsp;<\/strong>elle me donnait des m\u00e9thodes pour aider Lyam. J\u2019ai appris qu\u2019il faut beaucoup communiquer avec lui !&nbsp;<strong>Je ne savais pas qu\u2019en fait mon fils comprenait, et qu\u2019il fallait tout lui dire.<\/strong><br><strong>En 3 mois, \u00e7a a d\u00e9j\u00e0 \u00e9t\u00e9 une grande avanc\u00e9e !<\/strong>\u201c<br>Maman de Lyam, 30 mois, inscrit via la PMI de Lagnieu<\/p>\n<\/blockquote>\n\n<\/div>\n<\/div>\n\n<div class=\"gb-container gb-container-9e31acf5\">\n<div class=\"gb-container gb-container-208b16a2\">\n\n<p class=\"gb-headline gb-headline-15d1781d gb-headline-text\">Plus 500 enfants accompagn\u00e9s en 2025 gr\u00e2ce aux PMI et \u00e0 la Caf<\/p>\n\n<\/div>\n\n<div class=\"gb-container gb-container-74f01d72\">\n\n<p class=\"gb-headline gb-headline-567bf684 gb-headline-text\">Plus de 60&nbsp;professionnel.le.s&nbsp;de PMI qui inscrivent des familles<\/p>\n\n<\/div>\n<\/div>\n<\/div><\/div>\n\n\n\n<div class=\"gb-tabs__item tabs-item\" id=\"gb-tab-item-8b24c954\"><div class=\"gb-container gb-container-3bdce25a\">\n<div class=\"gb-container gb-container-e64d85a7\">\n<div class=\"gb-container gb-container-1d3cef0b\">\n\n<h2 class=\"gb-headline gb-headline-0c3da9e4 gb-headline-text\">Essonne<\/h2>\n\n\n\n<p class=\"gb-headline gb-headline-56037629 gb-headline-text\">L&rsquo;association, port\u00e9e par la Fondation A\u00e9roports de Paris, a identifi\u00e9 de longue date ce territoire comme prioritaire : plus d&rsquo;un Essonnien sur dix vit dans un m\u00e9nage dont le niveau de vie est inf\u00e9rieur au seuil de pauvret\u00e9. Un partenariat avec la Caf de l&rsquo;Essonne en 2025 a rendu ce d\u00e9ploiement possible. Cette exp\u00e9rimentation a permis d&rsquo;accompagner plus de 400 enfants en 2025 et des \u00e9changes sont en cours avec le conseil d\u00e9partemental pour agir avec plus d&rsquo;ampleur d\u00e8s 2026.<\/p>\n\n<\/div>\n\n<div class=\"gb-container gb-container-9dff9bea\">\n\n<blockquote class=\"wp-block-quote citation-min has-global-color-5-color has-text-color has-link-color wp-elements-b94f00da08d2eb737f02644d479a489c is-layout-flow wp-block-quote-is-layout-flow\">\n<p><em>\u00ab\u00a0Au d\u00e9but j&rsquo;avais du mal, quand j&rsquo;ai re\u00e7u le livre, \u00e7a ne l&rsquo;int\u00e9ressait pas du tout, mais maintenant il va le chercher tout seul, il adore celui avec les animaux. Il y a vraiment un avant\/apr\u00e8s en 2 mois \u00e0 peine je ne pensais pas que \u00e7a pourrait aller aussi vite, je suis vraiment surprise.\u00a0\u00bb<\/em><br>Maman de Kha\u00efs, \u00e0 Draveil, 9 mois, inscrit via un mailing de la Caf<\/p>\n<\/blockquote>\n\n<\/div>\n<\/div>\n\n<div class=\"gb-container gb-container-d0dd7e5b\">\n<div class=\"gb-container gb-container-08f942ff\">\n\n<p class=\"gb-headline gb-headline-6d4e7b0f gb-headline-text\">Pr\u00e8s de 500 enfants accompagn\u00e9s en 2025 gr\u00e2ce \u00e0 la Caf<\/p>\n\n<\/div>\n\n<div class=\"gb-container gb-container-399ef0d4\">\n\n<p class=\"gb-headline gb-headline-297377d0 gb-headline-text\">Dans 69 diff\u00e9rentes communes<\/p>\n\n<\/div>\n<\/div>\n<\/div><\/div>\n<\/div>\n<\/div>\n\n<\/div>\n<\/section>\n\n<section class=\"gb-container gb-container-8ec271ff gb-container-fc18ce97\">\n<div class=\"gb-container gb-container-bfb9407d\">\n<div class=\"gb-container gb-container-6db86288\">\n<div class=\"gb-container gb-container-7c2fdf9d\">\n\n<h2 class=\"gb-headline gb-headline-6fdcb59f gb-headline-text gb-headline-2fbe7351\">L\u2019\u00e9quipe <mark class=\"gb-highlight\">1001mots<\/mark><\/h2>\n\n\n\n<p>Notre <strong>start-up associative<\/strong> se compose&nbsp;:<\/p>\n\n\n\n<ul class=\"wp-block-list\">\n<li>d\u2019un conseil d\u2019administration d\u2019experts<\/li>\n\n\n\n<li>d\u2019une \u00e9quipe de direction structur\u00e9e<\/li>\n\n\n\n<li>d\u2019une \u00e9quipe de salari\u00e9s charg\u00e9s de la cr\u00e9ation des contenus p\u00e9dagogiques, des inscriptions de nouvelles familles, des \u00e9changes avec les partenaires et m\u00e9c\u00e8nes, du recrutement des accompagnantes en parentalit\u00e9, de la communication\u2026<\/li>\n\n\n\n<li>d\u2019une \u00e9quipe d\u2019accompagnantes, missionn\u00e9es pour suivre les familles \u00e0 distance gr\u00e2ce \u00e0 des appels t\u00e9l\u00e9phoniques r\u00e9guliers.<\/li>\n<\/ul>\n\n\n<div class=\"gb-container gb-container-8a99968c\">\n\n<a class=\"gb-button gb-button-ba1a3096 gb-button-text gb-button-23f87dcb\" href=\"https:\/\/www.welcometothejungle.com\/fr\/companies\/1001mots\/jobs\" target=\"_blank\" rel=\"noopener noreferrer\" aria-label=\"Voir le profil de 1001 mots sur Welcome to the jungle (nouvel onglet)\">Travailler chez 1001mots<\/a>\n\n<\/div>\n<\/div>\n\n<div class=\"gb-container gb-container-f469f51e\">\n\n<figure class=\"gb-block-image gb-block-image-fcc5284a\"><img loading=\"lazy\" decoding=\"async\" width=\"601\" height=\"593\" class=\"gb-image gb-image-fcc5284a\" src=\"https:\/\/1001mots.org\/tests1001mots\/wp-content\/uploads\/2023\/12\/lequipe.png\" alt=\"\" srcset=\"https:\/\/1001mots.org\/tests1001mots\/wp-content\/uploads\/2023\/12\/lequipe.png 601w, https:\/\/1001mots.org\/tests1001mots\/wp-content\/uploads\/2023\/12\/lequipe-300x296.png 300w\" sizes=\"auto, (max-width: 601px) 100vw, 601px\" \/><\/figure>\n\n<\/div>\n\n<div class=\"gb-container gb-container-7a690939\">\n\n<blockquote class=\"wp-block-quote citation is-layout-flow wp-block-quote-is-layout-flow\">\n<p>\u00ab\u00a0Je suis persuad\u00e9e que les parents, si on s\u2019adapte \u00e0 leur niveau de pratique, sont capables d\u2019effectuer des petits changements qui apportent de grandes diff\u00e9rences dans le d\u00e9veloppement du langage de leur enfant.\u00a0\u00bb<\/p>\n<cite>Ad\u00e8le Boulanger-Hirsch, orthophoniste et accompagnante 1001mots.<\/cite><\/blockquote>\n\n<\/div>\n\n<div class=\"gb-container gb-container-ac099d40\">\n\n<blockquote class=\"wp-block-quote citation is-layout-flow wp-block-quote-is-layout-flow\">\n<p>\u00ab\u00a0Sentir, ne serait-ce qu\u2019apr\u00e8s un appel, une maman qui observe diff\u00e9remment son enfant, qui remarque de nouvelles choses me touche beaucoup. On contribue aux gouttes d\u2019eau qui, mises bout \u00e0 bout, peuvent faire beaucoup pour ces petits bouts.\u00a0\u00bb<\/p>\n<cite>G\u00e9raldine Mondinot, orthophoniste et accompagnante 1001mots.<\/cite><\/blockquote>\n\n<\/div>\n<\/div>\n\n<div class=\"gb-container gb-container-2df5b3d0\" id=\"rapports\">\n\n<h2 class=\"gb-headline gb-headline-b4923d2c gb-headline-text gb-headline-2fbe7351\">Nos rapports d\u2019activit\u00e9<\/h2>\n\n\n<div class=\"gb-container gb-container-52eb7604\">\n\n<p class=\"has-text-align-center\">Envie de rejoindre l\u2019aventure 1001mots en tant que soutien financier ou m\u00e9c\u00e8ne\u2009? Consultez nos rapports pour conna\u00eetre plus en d\u00e9tail l\u2019activit\u00e9 de notre association.<\/p>\n\n\n<div class=\"gb-container gb-container-271cb2bc\">\n\n<a class=\"gb-button gb-button-46c9bef9 gb-button-text gb-button-23f87dcb\" href=\"https:\/\/1001mots.org\/tests1001mots\/wp-content\/uploads\/2024\/12\/Rapport-Annuel-1001mots-2023-2024_Vdef.pdf\" target=\"_blank\" rel=\"noopener noreferrer\" aria-label=\"T\u00e9l\u00e9charger le rapport d'activit\u00e9 2022-2023 en PDF\">Rapport d\u2019activit\u00e9 2023-2024<\/a>\n\n\n\n<a class=\"gb-button gb-button-8fe4f547 gb-button-text gb-button-23f87dcb\" href=\"https:\/\/1001mots.org\/tests1001mots\/wp-content\/uploads\/2025\/06\/1001-MOTS-RCA-2024.pdf\" target=\"_blank\" rel=\"noopener noreferrer\" aria-label=\"T\u00e9l\u00e9charger le dernier rapport d'activit\u00e9 en PDF\">Notre dernier rapport financier<\/a>\n\n<\/div>\n<\/div>\n<\/div>\n<\/div>\n<\/section>\n\n<section class=\"gb-container gb-container-56593c82 gb-container-ddceac17\">\n<div class=\"gb-container gb-container-00dec918\">\n<div class=\"gb-container gb-container-89804b15\">\n<div class=\"gb-container gb-container-7a9c2c52\">\n<div class=\"gb-container gb-container-c7b69907\">\n\n<h2 class=\"gb-headline gb-headline-cbdad488 gb-headline-text gb-headline-02f48d25\">Ensemble, d\u00e9ployons l\u2019action de <mark class=\"gb-highlight\">1001mots<\/mark><\/h2>\n\n<\/div>\n\n<div class=\"gb-container gb-container-b726bde3\">\n\n<p>Le fonctionnement de 1001&nbsp;mots est rendu possible par le soutien de nos <strong>partenaires publics<\/strong> et des nombreux <strong>m\u00e9c\u00e8nes<\/strong> qui partagent nos ambitions. Ensemble, nous avons \u00e0 c\u0153ur de donner \u00e0 chaque enfant, quel que soit son milieu, les chances de r\u00e9ussir sa scolarit\u00e9, en l\u2019accompagnant d\u00e8s ses premiers mois de vie.<\/p>\n\n<\/div>\n<\/div>\n\n<div class=\"gb-container gb-container-06e2f297\">\n<div class=\"gb-container gb-container-481baee1\">\n\n<figure class=\"gb-block-image gb-block-image-9deb0efa\"><img loading=\"lazy\" decoding=\"async\" width=\"168\" height=\"74\" class=\"gb-image gb-image-9deb0efa\" src=\"https:\/\/1001mots.org\/tests1001mots\/wp-content\/uploads\/2025\/06\/Design-sans-titre-1.png\" alt=\"\"\/><\/figure>\n\n<\/div>\n\n<div class=\"gb-container gb-container-a96ea798\">\n\n<figure class=\"gb-block-image gb-block-image-8562ce11\"><img loading=\"lazy\" decoding=\"async\" width=\"168\" height=\"74\" class=\"gb-image gb-image-8562ce11\" src=\"https:\/\/1001mots.org\/tests1001mots\/wp-content\/uploads\/2025\/07\/Design-sans-titre-16.png\" alt=\"\"\/><\/figure>\n\n<\/div>\n\n<div class=\"gb-container gb-container-16807bcd\">\n\n<figure class=\"gb-block-image gb-block-image-fda261ef\"><img loading=\"lazy\" decoding=\"async\" width=\"168\" height=\"74\" class=\"gb-image gb-image-fda261ef\" src=\"https:\/\/1001mots.org\/tests1001mots\/wp-content\/uploads\/2023\/12\/fondation-bettencourt.png\" alt=\"Fondation Bettencourt Schueller\" title=\"fondation-bettencourt\"\/><\/figure>\n\n<\/div>\n\n<div class=\"gb-container gb-container-1b475a74\">\n\n<figure class=\"gb-block-image gb-block-image-16707e9b\"><img loading=\"lazy\" decoding=\"async\" width=\"168\" height=\"74\" class=\"gb-image gb-image-16707e9b\" src=\"https:\/\/1001mots.org\/tests1001mots\/wp-content\/uploads\/2023\/12\/fondation-groupe-adp.png\" alt=\"Fondation groupe ADP\" title=\"fondation-groupe-adp\"\/><\/figure>\n\n<\/div>\n<\/div>\n\n<div class=\"gb-container gb-container-ed22f51c\">\n\n<a class=\"gb-button gb-button-3fc884d7 gb-button-text gb-button-23f87dcb\" href=\"https:\/\/1001mots.org\/tests1001mots\/nos-partenaires-publics\/\">Nos partenaires publics<\/a>\n\n\n\n<a class=\"gb-button gb-button-4da5cfcf gb-button-text gb-button-23f87dcb\" href=\"https:\/\/1001mots.org\/tests1001mots\/nos-mecenes\/\">Nos m\u00e9c\u00e8nes et donateurs<\/a>\n\n<\/div>\n\n<div class=\"gb-container gb-container-b1b71f98 gb-tabs\" data-opened-tab=\"1\">\n<div class=\"gb-container gb-container-a4dda6e4 gb-tabs__items\">\n<div class=\"gb-container gb-container-6654b404 gb-tabs__item gb-tabs__item-open\" id=\"gb-tab-item-6654b404\">\n<div class=\"gb-container gb-container-eb17decf\">\n<div class=\"gb-container gb-container-339f96eb\">\n\n<blockquote class=\"wp-block-quote citation is-layout-flow wp-block-quote-is-layout-flow\">\n<p>\u201cSoutenir ce projet \u00e9tait une \u00e9vidence pour tous : il r\u00e9pond par des m\u00e9thodes inspir\u00e9es des neurosciences \u00e0 une probl\u00e9matique de soci\u00e9t\u00e9 majeure.\u201d<\/p>\n<cite>Isabelle Delaplace, D\u00e9l\u00e9gu\u00e9e G\u00e9n\u00e9rale de la Fondation Fran\u00e7aise des Jeux, m\u00e9c\u00e8ne majeur de 1001mots<\/cite><\/blockquote>\n\n<\/div>\n\n<div class=\"gb-container gb-container-df96a0b6\">\n\n<blockquote class=\"wp-block-quote citation is-layout-flow wp-block-quote-is-layout-flow\">\n<p>\u00ab\u00a0La Fondation Bettencourt Schueller a choisi de soutenir 1001 mots, convaincue qu\u2019en accompagnant les parents dans leur r\u00f4le d\u2019\u00e9ducateurs d\u00e8s la petite enfance, et en leur faisant prendre conscience des capacit\u00e9s de leur enfant, on favorise l\u2019\u00e9galit\u00e9 scolaire d\u00e8s les premi\u00e8res ann\u00e9es.\u00a0\u00bb<\/p>\n<cite>Doroth\u00e9e Hontebeyrie, directrice du p\u00f4le social de la Fondation Bettencourt Schueller, grand m\u00e9c\u00e8ne de 1001mots<\/cite><\/blockquote>\n\n<\/div>\n<\/div>\n<\/div>\n\n<div class=\"gb-container gb-container-7308acf6 gb-tabs__item\" id=\"gb-tab-item-7308acf6\">\n<div class=\"gb-container gb-container-78bc15da\">\n<div class=\"gb-container gb-container-1b9b6f0a\">\n\n<blockquote class=\"wp-block-quote citation is-layout-flow wp-block-quote-is-layout-flow\">\n<p>\u00ab\u00a01001mots est l\u2019un des 3 laur\u00e9ats de notre programme mondial \u00ab Scale-up Impact \u00bb en 2024. Notre partenariat change de dimension : nous allons vous aider \u00e0 d\u00e9ployer votre solution \u00e0 l\u2019\u00e9chelle de la France. Votre originalit\u00e9 : vous vous fondez \u00e0 la fois sur les donn\u00e9es scientifiques et sur des tests r\u00e9guliers aupr\u00e8s des familles pour une am\u00e9lioration continue. J\u2019ai aussi \u00e9t\u00e9 marqu\u00e9e par votre partenariat avec les services publics de p\u00e9diatrie : c\u2019est un fort atout pour embarquer les familles vuln\u00e9rables.\u00a0\u00bb<\/p>\n\n\n\n<p><br>Emma Ursich, Directrice de la fondation The Human Safety Net&nbsp; (groupe Generali)<\/p>\n<\/blockquote>\n\n<\/div>\n\n<div class=\"gb-container gb-container-0e705b05\">\n\n<blockquote class=\"wp-block-quote citation is-layout-flow wp-block-quote-is-layout-flow\">\n<p>\u00ab\u00a0Dans le cadre de leurs missions de promotion de la sant\u00e9 et de pr\u00e9vention, les professionnels de PMI d\u00e9pistent des retards de langage, en particulier pendant les bilans en moyenne section. 1001mots permet de pr\u00e9venir ces troubles tr\u00e8s pr\u00e9cocement, en pla\u00e7ant le parent au c\u0153ur du message. Son accompagnement des familles de tr\u00e8s jeunes enfants vers la lecture, l\u2019utilisation du jeu, de la parole et la r\u00e9duction des \u00e9crans, facilite le d\u00e9veloppement du lien parent\/enfant et du langage.<\/p>\n\n\n\n<p>Le d\u00e9partement des Hauts-de-Seine finance l\u2019association et une \u00e9valuation nous permettra de conna\u00eetre l\u2019efficacit\u00e9 de ce programme sur les troubles du langage en maternelle!\u201d<\/p>\n<cite>Dr. Elisabeth Hausherr, directrice mission sant\u00e9 publique des Hauts-de-Seine<\/cite><\/blockquote>\n\n<\/div>\n<\/div>\n<\/div>\n<\/div>\n\n<div class=\"gb-container gb-container-470abf4d gb-tabs__buttons\">\n\n<button class=\"gb-button gb-button-7044707f gb-tabs__button gb-block-is-current gb-button-23f87dcb\" aria-label=\"Aller aux t\u00e9moignages pr\u00e9c\u00e9dents\" id=\"gb-tab-button-7044707f\"><span class=\"gb-icon\"><svg aria-hidden=\"true\" role=\"img\" height=\"1em\" width=\"1em\" viewBox=\"0 0 256 512\" xmlns=\"http:\/\/www.w3.org\/2000\/svg\"><path fill=\"currentColor\" d=\"M31.7 239l136-136c9.4-9.4 24.6-9.4 33.9 0l22.6 22.6c9.4 9.4 9.4 24.6 0 33.9L127.9 256l96.4 96.4c9.4 9.4 9.4 24.6 0 33.9L201.7 409c-9.4 9.4-24.6 9.4-33.9 0l-136-136c-9.5-9.4-9.5-24.6-.1-34z\"><\/path><\/svg><\/span><\/button>\n\n\n\n<button class=\"gb-button gb-button-1c0a2bfe gb-tabs__button gb-button-23f87dcb\" aria-label=\"Aller aux t\u00e9moignages suivants\" id=\"gb-tab-button-1c0a2bfe\"><span class=\"gb-icon\"><svg aria-hidden=\"true\" role=\"img\" height=\"1em\" width=\"1em\" viewBox=\"0 0 256 512\" xmlns=\"http:\/\/www.w3.org\/2000\/svg\"><path fill=\"currentColor\" d=\"M224.3 273l-136 136c-9.4 9.4-24.6 9.4-33.9 0l-22.6-22.6c-9.4-9.4-9.4-24.6 0-33.9l96.4-96.4-96.4-96.4c-9.4-9.4-9.4-24.6 0-33.9L54.3 103c9.4-9.4 24.6-9.4 33.9 0l136 136c9.5 9.4 9.5 24.6.1 34z\"><\/path><\/svg><\/span><\/button>\n\n<\/div>\n<\/div>\n\n<div class=\"gb-container gb-container-ae348102\">\n\n<h2 class=\"gb-headline gb-headline-58b064a9 gb-headline-2fbe7351\"><span class=\"gb-icon\"><svg preserveAspectRatio=\"none\" xmlns=\"http:\/\/www.w3.org\/2000\/svg\" xml:space=\"preserve\" viewBox=\"0 0 100 100\" aria-hidden=\"true\"><g clip-path=\"url(#a)\" transform=\"translate(50 50)\"><clipPath id=\"a\"><rect width=\"100\" height=\"100\" x=\"-50\" y=\"-50\" rx=\"0\" ry=\"0\"><\/rect><\/clipPath><path d=\"m121.739 100.974 8.046-9.193-11.91-2.707 4.809-11.23-12.167 1.1 1.105-12.164-11.23 4.809-2.708-11.912-9.2 8.046-6.253-10.493-6.256 10.493-9.193-8.046-2.71 11.914-11.23-4.809 1.105 12.164-12.167-1.1 4.812 11.23-11.913 2.704 8.046 9.193-10.493 6.259h100Z\" style=\"stroke:none;stroke-width:1;stroke-dasharray:none;stroke-linecap:butt;stroke-dashoffset:0;stroke-linejoin:miter;stroke-miterlimit:4;fill:#ee2253;fill-rule:nonzero;opacity:1\" transform=\"translate(-82.232 -82.231)\"><\/path><\/g><\/svg> <\/span><span class=\"gb-headline-text\">Aidez-nous \u00e0 atteindre notre objectif 2030 : accompagner 100 000 enfants dans 50 d\u00e9partements fran\u00e7ais.<\/span><\/h2>\n\n\n\n<a class=\"gb-button gb-button-f84a9c52 gb-button-text gb-button-b23264d0\" href=\"https:\/\/www.helloasso.com\/associations\/1001mots\/formulaires\/1\" target=\"_blank\" rel=\"noopener noreferrer\" aria-label=\"Faire un don sur HelloAsso (nouvel onglet)\">Nous soutenir<\/a>\n\n<\/div>\n<\/div>\n<\/div>\n<\/section>\n\n<section class=\"gb-container gb-container-425a9db2 gb-container-ddceac17\"><\/section>","protected":false},"excerpt":{"rendered":"<p>1001mots, une association pour la petite enfance et l\u2019\u00e9galit\u00e9 des chances \u00e0 travers l\u2019\u00e9veil au langage Parce que l\u2019avenir scolaire et professionnel se joue d\u00e8s la naissance, nous voulons que chaque enfant puisse s\u2019\u00e9veiller au langage et s\u2019ouvrir \u00e0 la lecture avant son entr\u00e9e \u00e0 l\u2019\u00e9cole maternelle. Notre raison d&rsquo;\u00eatre Chez 1001mots, nous sommes convaincus &#8230; <a title=\"L&rsquo;association\" class=\"read-more\" href=\"https:\/\/1001mots.org\/tests1001mots\/lassociation\/\" aria-label=\"En savoir plus sur L&rsquo;association\">Lire la suite<\/a><\/p>\n","protected":false},"author":1,"featured_media":0,"parent":0,"menu_order":0,"comment_status":"closed","ping_status":"closed","template":"","meta":{"_seopress_robots_primary_cat":"","_seopress_titles_title":"Association petite enfance pour l\u2019\u00e9veil au langage \u2014 Nous conna\u00eetre","_seopress_titles_desc":"Notre association d\u00e9di\u00e9e \u00e0 la petite enfance accompagne les b\u00e9b\u00e9s de 0 \u00e0 3 ans et leurs parents dans leur d\u00e9couverte du langage et leur \u00e9veil au monde.","_seopress_robots_index":"","_uf_show_specific_survey":0,"_uf_disable_surveys":false,"footnotes":""},"class_list":["post-287","page","type-page","status-publish"],"_links":{"self":[{"href":"https:\/\/1001mots.org\/tests1001mots\/wp-json\/wp\/v2\/pages\/287","targetHints":{"allow":["GET"]}}],"collection":[{"href":"https:\/\/1001mots.org\/tests1001mots\/wp-json\/wp\/v2\/pages"}],"about":[{"href":"https:\/\/1001mots.org\/tests1001mots\/wp-json\/wp\/v2\/types\/page"}],"author":[{"embeddable":true,"href":"https:\/\/1001mots.org\/tests1001mots\/wp-json\/wp\/v2\/users\/1"}],"replies":[{"embeddable":true,"href":"https:\/\/1001mots.org\/tests1001mots\/wp-json\/wp\/v2\/comments?post=287"}],"version-history":[{"count":2,"href":"https:\/\/1001mots.org\/tests1001mots\/wp-json\/wp\/v2\/pages\/287\/revisions"}],"predecessor-version":[{"id":2490,"href":"https:\/\/1001mots.org\/tests1001mots\/wp-json\/wp\/v2\/pages\/287\/revisions\/2490"}],"wp:attachment":[{"href":"https:\/\/1001mots.org\/tests1001mots\/wp-json\/wp\/v2\/media?parent=287"}],"curies":[{"name":"wp","href":"https:\/\/api.w.org\/{rel}","templated":true}]}}