{"id":1324,"date":"2024-03-11T16:14:56","date_gmt":"2024-03-11T15:14:56","guid":{"rendered":"https:\/\/dev.peliko.fr\/1001mots\/?page_id=1324"},"modified":"2025-12-12T11:39:17","modified_gmt":"2025-12-12T10:39:17","slug":"on-parle-de-nous","status":"publish","type":"page","link":"https:\/\/1001mots.org\/tests1001mots\/on-parle-de-nous\/","title":{"rendered":"On parle de nous !"},"content":{"rendered":"<div class=\"gb-container gb-container-8ec271ff gb-container-fc18ce97\">\n\n<h2 class=\"wp-block-heading has-text-align-center has-large-font-size\">On parle de nous ! <\/h2>\n\n\n<div class=\"gb-container gb-container-3d7f3162 gb-container-fc18ce97\">\n<div class=\"gb-container gb-container-17af23f2\">\n<div class=\"gb-container gb-container-a14cdae4\">\n<div class=\"gb-container gb-container-a444ed05\">\n\n<h2 class=\"gb-headline gb-headline-93af5b47 gb-headline-text gb-headline-2fbe7351\">12\/2025 &#8211; Article dans le magazine La Vie<\/h2>\n\n\n\n<p>Le magazine La Vie a publi\u00e9 un article sur notre action. Avec des interviews de mamans accompagn\u00e9es par 1001mots et de notre directeur Florent de Bodman, l&rsquo;article met en lumi\u00e8re l&rsquo;importance d&rsquo;investir dans la petite enfance pour pr\u00e9venir les in\u00e9galit\u00e9s.<\/p>\n\n\n<div class=\"gb-container gb-container-ea234db5\">\n\n<a class=\"gb-button gb-button-99e3af25 gb-button-text gb-button-23f87dcb\" href=\"https:\/\/1001mots.org\/tests1001mots\/wp-content\/uploads\/2025\/12\/LV4189_MDV_Ouv.pdf\" target=\"_blank\" rel=\"noopener noreferrer\">Lire l&rsquo;article<\/a>\n\n<\/div>\n<\/div>\n\n\n<figure class=\"wp-block-image size-full is-resized\"><img loading=\"lazy\" decoding=\"async\" width=\"1200\" height=\"1500\" src=\"https:\/\/1001mots.org\/tests1001mots\/wp-content\/uploads\/2025\/12\/1001mots-dans-le-magazine-LA-VIE.jpg\" alt=\"\" class=\"wp-image-2478\" style=\"width:238px;height:auto\" srcset=\"https:\/\/1001mots.org\/tests1001mots\/wp-content\/uploads\/2025\/12\/1001mots-dans-le-magazine-LA-VIE.jpg 1200w, https:\/\/1001mots.org\/tests1001mots\/wp-content\/uploads\/2025\/12\/1001mots-dans-le-magazine-LA-VIE-240x300.jpg 240w, https:\/\/1001mots.org\/tests1001mots\/wp-content\/uploads\/2025\/12\/1001mots-dans-le-magazine-LA-VIE-819x1024.jpg 819w, https:\/\/1001mots.org\/tests1001mots\/wp-content\/uploads\/2025\/12\/1001mots-dans-le-magazine-LA-VIE-768x960.jpg 768w\" sizes=\"auto, (max-width: 1200px) 100vw, 1200px\" \/><\/figure>\n\n<\/div>\n\n<div class=\"gb-container gb-container-b897924a\">\n<div class=\"gb-container gb-container-4afa1f1b\">\n\n<h2 class=\"gb-headline gb-headline-67acdb05 gb-headline-text gb-headline-2fbe7351\">12\/2025 &#8211; Article du Parisien sur notre action dans l&rsquo;Essonne<\/h2>\n\n\n\n<p>Le journal Le Parisien mentionne notre partenariat avec le d\u00e9partement de l&rsquo;Essonne pour accompagner 500 enfants, qui s&rsquo;inscrit dans le cadre de leur action sur la ma\u00eetrise du langage, grande cause en 2026.<\/p>\n\n<\/div>\n\n\n<figure class=\"wp-block-image size-full is-resized\"><img loading=\"lazy\" decoding=\"async\" width=\"800\" height=\"1000\" src=\"https:\/\/1001mots.org\/tests1001mots\/wp-content\/uploads\/2025\/12\/1764630413856.jpeg\" alt=\"\" class=\"wp-image-2476\" style=\"width:238px;height:auto\" srcset=\"https:\/\/1001mots.org\/tests1001mots\/wp-content\/uploads\/2025\/12\/1764630413856.jpeg 800w, https:\/\/1001mots.org\/tests1001mots\/wp-content\/uploads\/2025\/12\/1764630413856-240x300.jpeg 240w, https:\/\/1001mots.org\/tests1001mots\/wp-content\/uploads\/2025\/12\/1764630413856-768x960.jpeg 768w\" sizes=\"auto, (max-width: 800px) 100vw, 800px\" \/><\/figure>\n\n<\/div>\n\n<div class=\"gb-container gb-container-d3ffe9a4\">\n<div class=\"gb-container gb-container-bbe1c740\">\n\n<h2 class=\"gb-headline gb-headline-cbadca4f gb-headline-text gb-headline-2fbe7351\">05\/2025 &#8211; Tribune sur le site du Figaro<\/h2>\n\n\n\n<p>Le site du journal Le Figaro a publi\u00e9 la tribune \u00ab\u00a0interdire les \u00e9crans avant 6 ans : une fausse bonne id\u00e9e\u00a0\u00bb, r\u00e9dig\u00e9e par les cofondateurs et membres du conseil d&rsquo;administration de l&rsquo;association 1001mots.<\/p>\n\n\n<div class=\"gb-container gb-container-f602ab01\">\n\n<a class=\"gb-button gb-button-3d351def gb-button-text gb-button-23f87dcb\" href=\"https:\/\/www.lefigaro.fr\/vox\/politique\/interdire-les-ecrans-avant-six-ans-une-fausse-bonne-idee-20250513\" target=\"_blank\" rel=\"noopener noreferrer\">Lire la tribune sur le site lefigaro.fr<\/a>\n\n<\/div>\n<\/div>\n\n\n<figure class=\"wp-block-image size-full is-resized\"><img loading=\"lazy\" decoding=\"async\" width=\"420\" height=\"306\" src=\"https:\/\/1001mots.org\/tests1001mots\/wp-content\/uploads\/2025\/11\/tribunefigaro.jpg\" alt=\"\" class=\"wp-image-2462\" style=\"width:238px;height:auto\" srcset=\"https:\/\/1001mots.org\/tests1001mots\/wp-content\/uploads\/2025\/11\/tribunefigaro.jpg 420w, https:\/\/1001mots.org\/tests1001mots\/wp-content\/uploads\/2025\/11\/tribunefigaro-300x219.jpg 300w\" sizes=\"auto, (max-width: 420px) 100vw, 420px\" \/><\/figure>\n\n<\/div>\n\n<div class=\"gb-container gb-container-cf2f765e\">\n<div class=\"gb-container gb-container-4059090e\">\n\n<h2 class=\"gb-headline gb-headline-f272ccc8 gb-headline-text gb-headline-2fbe7351\">01\/2025 &#8211; Article dans le magazine du d\u00e9partement des Hauts-de-Seine &#8211; HDS<\/h2>\n\n\n\n<p>Une journaliste est venue assister \u00e0 l&rsquo;un de nos ateliers \u00e0 Villeneuve-la-Garenne et nous offre un bel article sur notre action !<\/p>\n\n\n<div class=\"gb-container gb-container-1fab8fb6\">\n\n<a class=\"gb-button gb-button-2c714b0b gb-button-text gb-button-23f87dcb\" href=\"https:\/\/www.calameo.com\/hauts-de-seine\/read\/0064434357921e0c4e2b6\" target=\"_blank\" rel=\"noopener noreferrer\">Lire l&rsquo;article sur le magazine HDS (page 47)<\/a>\n\n<\/div>\n<\/div>\n\n\n<figure class=\"wp-block-image size-full is-resized\"><img loading=\"lazy\" decoding=\"async\" width=\"330\" height=\"407\" src=\"https:\/\/1001mots.org\/tests1001mots\/wp-content\/uploads\/2025\/02\/HDS.jpg\" alt=\"\" class=\"wp-image-2120\" style=\"width:238px;height:auto\" srcset=\"https:\/\/1001mots.org\/tests1001mots\/wp-content\/uploads\/2025\/02\/HDS.jpg 330w, https:\/\/1001mots.org\/tests1001mots\/wp-content\/uploads\/2025\/02\/HDS-243x300.jpg 243w\" sizes=\"auto, (max-width: 330px) 100vw, 330px\" \/><\/figure>\n\n<\/div>\n\n<div class=\"gb-container gb-container-e4182c25\">\n<div class=\"gb-container gb-container-e3c065e0\">\n\n<h2 class=\"gb-headline gb-headline-c78c8340 gb-headline-text gb-headline-2fbe7351\"><strong>07\/<strong>01\/2025 &#8211; Article du Figaro sur notre directeur g\u00e9n\u00e9ral Florent de Bodman<\/strong><\/strong><\/h2>\n\n\n\n<p>Le journal le Figaro publie un portrait de Florent de Bodman, co-fondateur et directeur g\u00e9n\u00e9ral de 1001mots. D\u00e9couvrez l&rsquo;article sur le site <a href=\"https:\/\/www.lefigaro.fr\/actualite-france\/florent-de-bodman-l-enarque-qui-fait-lire-les-bebes-20250103\" data-type=\"link\" data-id=\"https:\/\/www.lefigaro.fr\/actualite-france\/florent-de-bodman-l-enarque-qui-fait-lire-les-bebes-20250103\">du Figaro<\/a> !<\/p>\n\n\n\n<a class=\"gb-button gb-button-4a7a4f2d gb-button-text gb-button-23f87dcb\" href=\"https:\/\/1001mots.org\/tests1001mots\/wp-content\/uploads\/2025\/01\/2025_01_07_Article-Le-Figaro_Florent-de-Bodman.pdf\" target=\"_blank\" rel=\"noopener noreferrer\">T\u00e9l\u00e9charger l&rsquo;article en version pdf<\/a>\n\n<\/div>\n\n\n<figure class=\"wp-block-image size-full is-resized\"><img loading=\"lazy\" decoding=\"async\" width=\"658\" height=\"492\" src=\"https:\/\/1001mots.org\/tests1001mots\/wp-content\/uploads\/2025\/01\/photo-article-figaro.jpg\" alt=\"\" class=\"wp-image-2095\" style=\"width:305px;height:auto\" srcset=\"https:\/\/1001mots.org\/tests1001mots\/wp-content\/uploads\/2025\/01\/photo-article-figaro.jpg 658w, https:\/\/1001mots.org\/tests1001mots\/wp-content\/uploads\/2025\/01\/photo-article-figaro-300x224.jpg 300w\" sizes=\"auto, (max-width: 658px) 100vw, 658px\" \/><\/figure>\n\n\n<div class=\"gb-container gb-container-8be4d545\">\n\n<h2 class=\"gb-headline gb-headline-aede8b3c gb-headline-text gb-headline-2fbe7351\">01\/01\/2025 &#8211; Emission \u00ab\u00a0Esprits Libres\u00a0\u00bb sur Radio Classique<\/h2>\n\n\n\n<p>Anne de Guign\u00e9, journaliste au Figaro, parle de sa rencontre avec 1001mots dans l&rsquo;\u00e9mission \u00ab\u00a0Esprits libres\u00a0\u00bb du 1er Janvier 2025.<\/p>\n\n\n<div class=\"gb-container gb-container-138c0f7f\">\n\n<a class=\"gb-button gb-button-7f5a89cc gb-button-text gb-button-23f87dcb\" href=\"https:\/\/www.radioclassique.fr\/podcasts-et-emissions\/esprits-libres\/\" target=\"_blank\" rel=\"noopener noreferrer\">Ecouter l&rsquo;\u00e9mission<\/a>\n\n<\/div>\n<\/div>\n\n\n<figure class=\"wp-block-image size-full is-resized\"><img loading=\"lazy\" decoding=\"async\" width=\"606\" height=\"404\" src=\"https:\/\/1001mots.org\/tests1001mots\/wp-content\/uploads\/2025\/01\/RadioClassique.jpg\" alt=\"\" class=\"wp-image-2096\" style=\"width:302px;height:auto\" srcset=\"https:\/\/1001mots.org\/tests1001mots\/wp-content\/uploads\/2025\/01\/RadioClassique.jpg 606w, https:\/\/1001mots.org\/tests1001mots\/wp-content\/uploads\/2025\/01\/RadioClassique-300x200.jpg 300w\" sizes=\"auto, (max-width: 606px) 100vw, 606px\" \/><\/figure>\n\n<\/div>\n\n<div class=\"gb-container gb-container-1cb7c408\">\n<div class=\"gb-container gb-container-15a317f1\">\n\n<h2 class=\"gb-headline gb-headline-3a76cde1 gb-headline-text gb-headline-2fbe7351\"><strong>04\/<strong>03\/2024 &#8211; Parler de ce qui int\u00e9resse l&rsquo;enfant<\/strong> (chronique RCF)<\/strong><\/h2>\n\n\n\n<p>L&rsquo;association 1001mots propose aux parents des id\u00e9es pour enrichir les interactions avec leur b\u00e9b\u00e9, afin qu&rsquo;il soit bien outill\u00e9 pour d\u00e9velopper son langage le mieux possible en grandissant. Et l&rsquo;un des messages-cl\u00e9 transmis est le fait de parler \u00e0 l&rsquo;enfant de ce qui l&rsquo;int\u00e9resse dans l&rsquo;instant. <a href=\"https:\/\/www.rcf.fr\/bien-etre-et-psychologie\/agir-pour-la-petite-enfance?episode=459672\" data-type=\"link\" data-id=\"https:\/\/www.rcf.fr\/bien-etre-et-psychologie\/agir-pour-la-petite-enfance?episode=459672\">Les pr\u00e9cisions de Camille Bellier !<\/a><\/p>\n\n<\/div>\n\n\n<figure class=\"wp-block-image size-full\"><img loading=\"lazy\" decoding=\"async\" width=\"308\" height=\"308\" src=\"https:\/\/1001mots.org\/tests1001mots\/wp-content\/uploads\/2024\/07\/Sans-titre-308-x-308-px.png\" alt=\"\" class=\"wp-image-1809\" srcset=\"https:\/\/1001mots.org\/tests1001mots\/wp-content\/uploads\/2024\/07\/Sans-titre-308-x-308-px.png 308w, https:\/\/1001mots.org\/tests1001mots\/wp-content\/uploads\/2024\/07\/Sans-titre-308-x-308-px-300x300.png 300w, https:\/\/1001mots.org\/tests1001mots\/wp-content\/uploads\/2024\/07\/Sans-titre-308-x-308-px-150x150.png 150w\" sizes=\"auto, (max-width: 308px) 100vw, 308px\" \/><\/figure>\n\n\n<div class=\"gb-container gb-container-2e547037\">\n\n<h2 class=\"gb-headline gb-headline-26964ef4 gb-headline-text gb-headline-2fbe7351\">12\/02\/2024 &#8211; <strong>La peur chez les enfants : comment<\/strong> r\u00e9agir ? (chronique RCF)<\/h2>\n\n\n\n<p>Thomas Villemonteix, ma\u00eetre de conf\u00e9rences en psychologie et membre fondateur de l\u2019association 1001mots nous parle des peurs des jeunes enfants.<\/p>\n\n\n<div class=\"gb-container gb-container-d881e92a\">\n\n<a class=\"gb-button gb-button-cc5a3084 gb-button-text gb-button-23f87dcb\" href=\"https:\/\/www.rcf.fr\/bien-etre-et-psychologie\/agir-pour-la-petite-enfance?episode=452102\" target=\"_blank\" rel=\"noopener noreferrer\">Ecouter la chronique<\/a>\n\n<\/div>\n<\/div>\n\n\n<figure class=\"wp-block-image size-full\"><img loading=\"lazy\" decoding=\"async\" width=\"308\" height=\"308\" src=\"https:\/\/1001mots.org\/tests1001mots\/wp-content\/uploads\/2024\/07\/Sans-titre-308-x-308-px.png\" alt=\"\" class=\"wp-image-1809\" srcset=\"https:\/\/1001mots.org\/tests1001mots\/wp-content\/uploads\/2024\/07\/Sans-titre-308-x-308-px.png 308w, https:\/\/1001mots.org\/tests1001mots\/wp-content\/uploads\/2024\/07\/Sans-titre-308-x-308-px-300x300.png 300w, https:\/\/1001mots.org\/tests1001mots\/wp-content\/uploads\/2024\/07\/Sans-titre-308-x-308-px-150x150.png 150w\" sizes=\"auto, (max-width: 308px) 100vw, 308px\" \/><\/figure>\n\n<\/div>\n\n<div class=\"gb-container gb-container-df7d7c90\">\n<div class=\"gb-container gb-container-24ef28d4\">\n\n<h2 class=\"gb-headline gb-headline-2f9e4716 gb-headline-text gb-headline-2fbe7351\"><strong>04\/12\/2023<strong>&#8211; Pourquoi pratiquer la validation \u00e9motionnelle?<\/strong><\/strong> (chronique RCF)<\/h2>\n\n\n\n<p>Thomas Villemonteix, ma\u00eetre de conf\u00e9rences en psychologie, membre fondateur de l\u2019association 1001mots, nous parle de <a href=\"https:\/\/www.rcf.fr\/bien-etre-et-psychologie\/agir-pour-la-petite-enfance?episode=430147\" data-type=\"link\" data-id=\"https:\/\/www.rcf.fr\/bien-etre-et-psychologie\/agir-pour-la-petite-enfance?episode=430147\">la fa\u00e7on dont les parents peuvent prendre soin des \u00e9motions de leurs enfants d\u00e8s le plus jeune \u00e2ge.<\/a><\/p>\n\n<\/div>\n\n\n<figure class=\"wp-block-image size-full\"><img loading=\"lazy\" decoding=\"async\" width=\"308\" height=\"308\" src=\"https:\/\/1001mots.org\/tests1001mots\/wp-content\/uploads\/2024\/07\/Sans-titre-308-x-308-px.png\" alt=\"\" class=\"wp-image-1809\" srcset=\"https:\/\/1001mots.org\/tests1001mots\/wp-content\/uploads\/2024\/07\/Sans-titre-308-x-308-px.png 308w, https:\/\/1001mots.org\/tests1001mots\/wp-content\/uploads\/2024\/07\/Sans-titre-308-x-308-px-300x300.png 300w, https:\/\/1001mots.org\/tests1001mots\/wp-content\/uploads\/2024\/07\/Sans-titre-308-x-308-px-150x150.png 150w\" sizes=\"auto, (max-width: 308px) 100vw, 308px\" \/><\/figure>\n\n\n<div class=\"gb-container gb-container-67963314\">\n\n<h2 class=\"gb-headline gb-headline-a199efa8 gb-headline-text gb-headline-2fbe7351\"><strong>16\/10\/2023<strong>&#8211; <\/strong><\/strong>Portrait de la p\u00e9diatre Emmi Pikler : se laisser enseigner par le b\u00e9b\u00e9 (chronique RCF)<\/h2>\n\n\n\n<p>Emmi Pikler est une p\u00e9diatre hongroise n\u00e9e en 1902 et d\u00e9c\u00e9d\u00e9e en 1984. Ella a con\u00e7u une p\u00e9dagogie de la prime enfance utilis\u00e9e dans beaucoup de cr\u00e8ches m\u00eame s\u2019il a fallu l\u2019adapter. Les pr\u00e9cisions de Nathalie Encinas de l&rsquo;association 1001mots.<\/p>\n\n\n<div class=\"gb-container gb-container-99c83b9c\">\n\n<a class=\"gb-button gb-button-e94d2ffc gb-button-text gb-button-23f87dcb\" href=\"https:\/\/www.rcf.fr\/bien-etre-et-psychologie\/agir-pour-la-petite-enfance?episode=413183\" target=\"_blank\" rel=\"noopener noreferrer\">Ecouter la chronique<\/a>\n\n<\/div>\n<\/div>\n\n\n<figure class=\"wp-block-image size-full\"><img loading=\"lazy\" decoding=\"async\" width=\"308\" height=\"308\" src=\"https:\/\/1001mots.org\/tests1001mots\/wp-content\/uploads\/2024\/07\/Sans-titre-308-x-308-px.png\" alt=\"\" class=\"wp-image-1809\" srcset=\"https:\/\/1001mots.org\/tests1001mots\/wp-content\/uploads\/2024\/07\/Sans-titre-308-x-308-px.png 308w, https:\/\/1001mots.org\/tests1001mots\/wp-content\/uploads\/2024\/07\/Sans-titre-308-x-308-px-300x300.png 300w, https:\/\/1001mots.org\/tests1001mots\/wp-content\/uploads\/2024\/07\/Sans-titre-308-x-308-px-150x150.png 150w\" sizes=\"auto, (max-width: 308px) 100vw, 308px\" \/><\/figure>\n\n<\/div>\n\n<div class=\"gb-container gb-container-6866deda\">\n<div class=\"gb-container gb-container-2be9d422\">\n\n<h2 class=\"gb-headline gb-headline-9300e8b2 gb-headline-text gb-headline-2fbe7351\"><strong>Depuis <strong>09\/2022 &#8211; 1001mots a sa chronique hebdomadaire sur RCF<\/strong><\/strong><\/h2>\n\n\n\n<p>Toutes les semaines, 1001mots prend la parole sur RCF pour aborder les sujets phares de l\u2019actualit\u00e9 autour de la petite enfance.<br>Rendez-vous le lundi \u00e0 10h45 \u2026 ou sur le site de RCF pour les fans de podcasts !<\/p>\n\n\n<div class=\"gb-container gb-container-f4318992\">\n\n<a class=\"gb-button gb-button-813649b1 gb-button-text gb-button-23f87dcb\" href=\"https:\/\/www.rcf.fr\/economie-et-societe\/la-chronique-1001mots\" target=\"_blank\" rel=\"noopener noreferrer\">Ecouter les chroniques<\/a>\n\n<\/div>\n<\/div>\n\n\n<figure class=\"wp-block-image size-full\"><img loading=\"lazy\" decoding=\"async\" width=\"308\" height=\"308\" src=\"https:\/\/1001mots.org\/tests1001mots\/wp-content\/uploads\/2024\/07\/Sans-titre-308-x-308-px.png\" alt=\"\" class=\"wp-image-1809\" srcset=\"https:\/\/1001mots.org\/tests1001mots\/wp-content\/uploads\/2024\/07\/Sans-titre-308-x-308-px.png 308w, https:\/\/1001mots.org\/tests1001mots\/wp-content\/uploads\/2024\/07\/Sans-titre-308-x-308-px-300x300.png 300w, https:\/\/1001mots.org\/tests1001mots\/wp-content\/uploads\/2024\/07\/Sans-titre-308-x-308-px-150x150.png 150w\" sizes=\"auto, (max-width: 308px) 100vw, 308px\" \/><\/figure>\n\n<\/div>\n\n\n<p><\/p>\n\n<\/div>\n<\/div>\n\n<div class=\"gb-container gb-container-8d150b8a gb-container-fc18ce97\">\n<div class=\"gb-container gb-container-cc0be24f\">\n<div class=\"gb-container gb-container-43ff4503\">\n\n<h2 class=\"gb-headline gb-headline-3f6154cf gb-headline-text gb-headline-2fbe7351\"><strong><strong>01\/2022- Avec 1001mots, les \u00e9quipes de PMI encouragent les parents \u00e0 communiquer avec leur enfant<\/strong><\/strong><\/h2>\n\n\n\n<p>Merci pour ce superbe <a href=\"https:\/\/www.loiret.fr\/actualite\/avec-lassociation-1001mots-les-equipes-de-la-pmi-encouragent-les-parents-communiquer-avec\" data-type=\"link\" data-id=\"https:\/\/www.loiret.fr\/actualite\/avec-lassociation-1001mots-les-equipes-de-la-pmi-encouragent-les-parents-communiquer-avec\"><strong>article<\/strong><\/a> publi\u00e9 par le D\u00e9partement du Loiret pr\u00e9sentant notre action commune. En 2021, 1017 familles du Loiret ont \u00e9t\u00e9 accompagn\u00e9es par 1001mots. Dans cet article, vous d\u00e9couvrirez les r\u00e9sultats de l\u2019\u00e9valuation de l\u2019impact de notre programme aupr\u00e8s des familles loir\u00e9taines men\u00e9e au cours de l\u2019ann\u00e9e 2021, et nos perspectives pour l\u2019ann\u00e9e 2022. <\/p>\n\n<\/div>\n\n\n<figure class=\"wp-block-image size-full\"><img loading=\"lazy\" decoding=\"async\" width=\"308\" height=\"308\" src=\"https:\/\/1001mots.org\/tests1001mots\/wp-content\/uploads\/2024\/03\/image.png\" alt=\"\" class=\"wp-image-1330\" srcset=\"https:\/\/1001mots.org\/tests1001mots\/wp-content\/uploads\/2024\/03\/image.png 308w, https:\/\/1001mots.org\/tests1001mots\/wp-content\/uploads\/2024\/03\/image-300x300.png 300w, https:\/\/1001mots.org\/tests1001mots\/wp-content\/uploads\/2024\/03\/image-150x150.png 150w\" sizes=\"auto, (max-width: 308px) 100vw, 308px\" \/><\/figure>\n\n\n<div class=\"gb-container gb-container-e0905640\">\n\n<h2 class=\"gb-headline gb-headline-df033dad gb-headline-text gb-headline-2fbe7351\"><strong><strong>12\/2021 Emission \u201cEntendez-vous l&rsquo;\u00e9co?\u201d de France Culture<\/strong><\/strong><\/h2>\n\n\n\n<p>1 000 premiers jours : les in\u00e9galit\u00e9s au berceau &#8211; Le 21 d\u00e9cembre, Florent de Bodman, directeur de l\u2019association 1001mots, \u00e9tait l\u2019invit\u00e9 de l\u2019\u00e9mission Entendez-vous l\u2019\u00e9co? . Aux c\u00f4t\u00e9s de Sylviane Giampino, Pr\u00e9sidente du Haut Conseil de la famille, de l\u2019enfance et de l\u2019\u00e2ge, le directeur de l\u2019association 1001mots a insist\u00e9 sur l\u2019importance des 1000 premiers jours pour notre soci\u00e9t\u00e9 dans son ensemble.<\/p>\n\n\n<div class=\"gb-container gb-container-de8d5e11\">\n\n<a class=\"gb-button gb-button-d6ac4c5e gb-button-text gb-button-23f87dcb\" href=\"https:\/\/www.radiofrance.fr\/franceculture\/podcasts\/entendez-vous-l-eco\/1000-premiers-jours-les-inegalites-au-berceau-2668999\" target=\"_blank\" rel=\"noopener noreferrer\">Ecouter l&rsquo;\u00e9mission<\/a>\n\n<\/div>\n\n\n<p><\/p>\n\n<\/div>\n\n\n<figure class=\"wp-block-image size-full\"><img loading=\"lazy\" decoding=\"async\" width=\"305\" height=\"305\" src=\"https:\/\/1001mots.org\/tests1001mots\/wp-content\/uploads\/2024\/03\/Design-sans-titre-10.png\" alt=\"\" class=\"wp-image-1331\" srcset=\"https:\/\/1001mots.org\/tests1001mots\/wp-content\/uploads\/2024\/03\/Design-sans-titre-10.png 305w, https:\/\/1001mots.org\/tests1001mots\/wp-content\/uploads\/2024\/03\/Design-sans-titre-10-300x300.png 300w, https:\/\/1001mots.org\/tests1001mots\/wp-content\/uploads\/2024\/03\/Design-sans-titre-10-150x150.png 150w\" sizes=\"auto, (max-width: 305px) 100vw, 305px\" \/><\/figure>\n\n<\/div>\n\n<div class=\"gb-container gb-container-6afba6d3\">\n<div class=\"gb-container gb-container-e3c13303\">\n\n<h2 class=\"gb-headline gb-headline-05b78c4f gb-headline-text gb-headline-2fbe7351\"><strong><strong><strong>11\/2021 Emission \u00ab\u00a07 milliards de voisins<\/strong>\u00a0\u00bb sur RFI<\/strong><\/strong><\/h2>\n\n\n\n<p>Le 15 novembre, l\u2019\u00e9mission 7 milliards de voisins s\u2019int\u00e9ressait aux questions d\u2019\u00e9ducation et d\u2019in\u00e9galit\u00e9s, avec les t\u00e9moignages de deux auteurs publi\u00e9s par les \u00e9ditions Autrement. Florent de Bodman y a notamment pr\u00e9sent\u00e9 son livre, et l\u2019action de 1001mots dans la promotion de l\u2019\u00e9galit\u00e9 des chances d\u00e8s la petite enfance, gr\u00e2ce \u00e0 l\u2019accompagnement de parents \u00e0 l\u2019\u00e9veil langagier de leur tout-petit. <\/p>\n\n\n<div class=\"gb-container gb-container-97115b74\">\n\n<a class=\"gb-button gb-button-ee48f299 gb-button-text gb-button-23f87dcb\" href=\"https:\/\/www.rfi.fr\/fr\/podcasts\/7-milliards-de-voisins\/20211115-la-petite-enfance-un-%C3%A2ge-cl%C3%A9-pour-l-%C3%A9galit%C3%A9-des-chances\" target=\"_blank\" rel=\"noopener noreferrer\">Ecouter l&rsquo;\u00e9mission<\/a>\n\n<\/div>\n<\/div>\n\n\n<figure class=\"wp-block-image size-full\"><img loading=\"lazy\" decoding=\"async\" width=\"305\" height=\"305\" src=\"https:\/\/1001mots.org\/tests1001mots\/wp-content\/uploads\/2024\/03\/Design-sans-titre-11.png\" alt=\"\" class=\"wp-image-1332\" srcset=\"https:\/\/1001mots.org\/tests1001mots\/wp-content\/uploads\/2024\/03\/Design-sans-titre-11.png 305w, https:\/\/1001mots.org\/tests1001mots\/wp-content\/uploads\/2024\/03\/Design-sans-titre-11-300x300.png 300w, https:\/\/1001mots.org\/tests1001mots\/wp-content\/uploads\/2024\/03\/Design-sans-titre-11-150x150.png 150w\" sizes=\"auto, (max-width: 305px) 100vw, 305px\" \/><\/figure>\n\n\n<div class=\"gb-container gb-container-30e7b944\">\n\n<h2 class=\"gb-headline gb-headline-8d709194 gb-headline-text gb-headline-2fbe7351\"><strong>12\/11\/2021 &#8211; Participation de 1001mots \u00e0 l&rsquo;\u00e9mission La Maison des Maternelles !<\/strong><\/h2>\n\n\n\n<p>Le 12 novembre 2021, Florent de Bodman a \u00e9t\u00e9 invit\u00e9 par la Maison des Maternelles pour pr\u00e9senter son livre ainsi que l\u2019action de 1001mots. L\u2019importance de la parole et de la lecture pour les tout-petits a \u00e9t\u00e9 rappel\u00e9e par notre directeur g\u00e9n\u00e9ral, pour permettre aux t\u00e9l\u00e9spectateurs de se rendre compte que la communication avec son b\u00e9b\u00e9 est la clef pour son d\u00e9veloppement futur.<\/p>\n\n\n<div class=\"gb-container gb-container-2dc3e1e5\">\n\n<a class=\"gb-button gb-button-b1cb124e gb-button-text gb-button-23f87dcb\" href=\"https:\/\/www.france.tv\/france-2\/la-maison-des-maternelles\/5511498-pourquoi-il-faut-parler-aux-bebes.html\" target=\"_blank\" rel=\"noopener noreferrer\">Regarder l&rsquo;\u00e9mission<\/a>\n\n<\/div>\n<\/div>\n\n\n<figure class=\"wp-block-image size-full\"><img loading=\"lazy\" decoding=\"async\" width=\"305\" height=\"305\" src=\"https:\/\/1001mots.org\/tests1001mots\/wp-content\/uploads\/2024\/03\/Design-sans-titre-12.png\" alt=\"\" class=\"wp-image-1333\" srcset=\"https:\/\/1001mots.org\/tests1001mots\/wp-content\/uploads\/2024\/03\/Design-sans-titre-12.png 305w, https:\/\/1001mots.org\/tests1001mots\/wp-content\/uploads\/2024\/03\/Design-sans-titre-12-300x300.png 300w, https:\/\/1001mots.org\/tests1001mots\/wp-content\/uploads\/2024\/03\/Design-sans-titre-12-150x150.png 150w\" sizes=\"auto, (max-width: 305px) 100vw, 305px\" \/><\/figure>\n\n<\/div>\n\n<div class=\"gb-container gb-container-46ba8681\">\n<div class=\"gb-container gb-container-64a523f9\">\n\n<p><\/p>\n\n\n\n<h2 class=\"gb-headline gb-headline-6efb6a2c gb-headline-text gb-headline-2fbe7351\"><strong>22\/10\/2021 &#8211; Pr\u00e9sentation d&rsquo;une note de Florent De Bodman, DG de 1001mots, pour le Think Tank Terra Nova<\/strong><\/h2>\n\n\n\n<p>Notre DG Florent de Bodman a pr\u00e9sent\u00e9 une <a href=\"https:\/\/tnova.fr\/societe\/education\/petite-enfance-que-devrait-faire-le-prochain-president-de-la-republique\/\" data-type=\"link\" data-id=\"https:\/\/tnova.fr\/societe\/education\/petite-enfance-que-devrait-faire-le-prochain-president-de-la-republique\/\" target=\"_blank\" rel=\"noreferrer noopener\"><strong>note<\/strong><\/a> pour le Think Tank Terra Nova : il y interpellait le futur pr\u00e9sident sur les questions de Petite Enfance, en faisant 4 recommandations pour revaloriser les m\u00e9tiers du secteur: l&rsquo;augmentation de l\u2019investissement, n\u00e9cessaire pour le d\u00e9velopper ; et l\u2019augmentation des places en cr\u00e8ches et du taux d\u2019encadrement pour les enfants les plus pauvres. Plus d\u2019investissement public doit \u00eatre orient\u00e9 vers la Petite Enfance, secteur d\u2019avenir qui permettra de former les citoyens de demain !<\/p>\n\n<\/div>\n\n\n<figure class=\"wp-block-image size-full\"><img loading=\"lazy\" decoding=\"async\" width=\"305\" height=\"305\" src=\"https:\/\/1001mots.org\/tests1001mots\/wp-content\/uploads\/2024\/03\/Design-sans-titre-13.png\" alt=\"\" class=\"wp-image-1334\" srcset=\"https:\/\/1001mots.org\/tests1001mots\/wp-content\/uploads\/2024\/03\/Design-sans-titre-13.png 305w, https:\/\/1001mots.org\/tests1001mots\/wp-content\/uploads\/2024\/03\/Design-sans-titre-13-300x300.png 300w, https:\/\/1001mots.org\/tests1001mots\/wp-content\/uploads\/2024\/03\/Design-sans-titre-13-150x150.png 150w\" sizes=\"auto, (max-width: 305px) 100vw, 305px\" \/><\/figure>\n\n\n<div class=\"gb-container gb-container-e1860788\">\n\n<h2 class=\"gb-headline gb-headline-b3399772 gb-headline-text gb-headline-2fbe7351\"><strong>01\/09\/2021 \u2013 Interview de notre directeur g\u00e9n\u00e9ral par 20minutes pour parler de la publication de son ouvrage<\/strong><\/h2>\n\n\n\n<p>\u201cParler avec son b\u00e9b\u00e9 peut avoir des b\u00e9n\u00e9fices toute la vie\u201d. C\u2019est ce qu\u2019affirme notre directeur g\u00e9n\u00e9ral et co-fondateur de l\u2019association 1001mots, Florent de Bodman, dans son ouvrage paru le 2 septembre 2021,<em> A port\u00e9e de mots.<\/em> Dans cette <a href=\"https:\/\/www.20minutes.fr\/sante\/3113119-20210901-parentalite-parler-bebe-peut-avoir-benefices-toute-vie-souligne-florent-bodman\" data-type=\"link\" data-id=\"https:\/\/www.20minutes.fr\/sante\/3113119-20210901-parentalite-parler-bebe-peut-avoir-benefices-toute-vie-souligne-florent-bodman\" target=\"_blank\" rel=\"noreferrer noopener\"><strong>interview<\/strong><\/a>, il pr\u00e9sente l\u2019objectif recherch\u00e9 avec son essai : \u00e9veiller les consciences politiques sur les questions de petite enfance pour qu\u2019un r\u00e9el changement s\u2019op\u00e8re et susciter la curiosit\u00e9 des parents pour l\u2019\u00e9veil langagier de leurs enfants.<\/p>\n\n<\/div>\n\n\n<figure class=\"wp-block-image size-full\"><img loading=\"lazy\" decoding=\"async\" width=\"305\" height=\"305\" src=\"https:\/\/1001mots.org\/tests1001mots\/wp-content\/uploads\/2024\/03\/Design-sans-titre-14.png\" alt=\"\" class=\"wp-image-1335\" srcset=\"https:\/\/1001mots.org\/tests1001mots\/wp-content\/uploads\/2024\/03\/Design-sans-titre-14.png 305w, https:\/\/1001mots.org\/tests1001mots\/wp-content\/uploads\/2024\/03\/Design-sans-titre-14-300x300.png 300w, https:\/\/1001mots.org\/tests1001mots\/wp-content\/uploads\/2024\/03\/Design-sans-titre-14-150x150.png 150w\" sizes=\"auto, (max-width: 305px) 100vw, 305px\" \/><\/figure>\n\n<\/div>\n<\/div>\n\n<div class=\"gb-container gb-container-7d568461\">\n<div class=\"gb-container gb-container-1cc052d9\">\n\n<h2 class=\"gb-headline gb-headline-e46b0b17 gb-headline-text gb-headline-2fbe7351\"><strong>07\/05\/2021 \u2013 1001mots est b\u00e9n\u00e9ficiaire du plan Relance 2021<\/strong><\/h2>\n\n\n\n<p>\u201cDans le cadre du plan de relance, Magali Charbonneau, pr\u00e9f\u00e8te, directrice du cabinet de la pr\u00e9fecture de la r\u00e9gion d\u2019\u00cele-de-France, pr\u00e9fecture de Paris et Myriam Abassi, sous-pr\u00e9f\u00e8te \u00e0 la relance aupr\u00e8s du pr\u00e9fet de r\u00e9gion se sont rendues dans les locaux de l\u2019association 1001 Mots.\u201d <\/p>\n\n\n<div class=\"gb-container gb-container-b6f5d9dc\">\n\n<a class=\"gb-button gb-button-14930e93 gb-button-text gb-button-23f87dcb\" href=\"https:\/\/www.prefectures-regions.gouv.fr\/ile-de-france\/Region-et-institutions\/L-action-de-l-Etat\/Cohesion-sociale-vie-associative-sport-et-jeunesse\/Cohesion-sociale-vie-associative-et-jeunesse\/France-Relance-Rencontre-avec-1001-Mots-une-association-qui-lutte-contre-l-echec-scolaire\" target=\"_blank\" rel=\"noopener noreferrer\">Lire l&rsquo;article<\/a>\n\n<\/div>\n<\/div>\n\n\n<figure class=\"wp-block-image size-full\"><img loading=\"lazy\" decoding=\"async\" width=\"305\" height=\"305\" src=\"https:\/\/1001mots.org\/tests1001mots\/wp-content\/uploads\/2024\/03\/Design-sans-titre-15.png\" alt=\"\" class=\"wp-image-1340\" srcset=\"https:\/\/1001mots.org\/tests1001mots\/wp-content\/uploads\/2024\/03\/Design-sans-titre-15.png 305w, https:\/\/1001mots.org\/tests1001mots\/wp-content\/uploads\/2024\/03\/Design-sans-titre-15-300x300.png 300w, https:\/\/1001mots.org\/tests1001mots\/wp-content\/uploads\/2024\/03\/Design-sans-titre-15-150x150.png 150w\" sizes=\"auto, (max-width: 305px) 100vw, 305px\" \/><\/figure>\n\n\n<div class=\"gb-container gb-container-08286eef\">\n\n<h2 class=\"gb-headline gb-headline-771974ae gb-headline-text gb-headline-2fbe7351\"><strong>22\/04\/2021 \u2013 Le programme 1001mots relay\u00e9 par la CAF de Seine-Saint-Denis<\/strong><\/h2>\n\n\n\n<p>Notre partenariat avec la Caf 93 permet \u00e0 162 familles du d\u00e9partement de b\u00e9n\u00e9ficier de l\u2019accompagnement 1001mots.<\/p>\n\n\n<div class=\"gb-container gb-container-a4169bd2\">\n\n<a class=\"gb-button gb-button-3b4aeae5 gb-button-text gb-button-23f87dcb\" href=\"https:\/\/www.caf.fr\/allocataires\/caf-de-la-seine-saint-denis\/actualites-departementales\/parentalite-la-caf-agit-pour-accompagner-l-eveil-au-langage\" target=\"_blank\" rel=\"noopener noreferrer\">Lire l&rsquo;article<\/a>\n\n<\/div>\n<\/div>\n\n\n<figure class=\"wp-block-image size-full\"><img loading=\"lazy\" decoding=\"async\" width=\"305\" height=\"305\" src=\"https:\/\/1001mots.org\/tests1001mots\/wp-content\/uploads\/2024\/03\/Design-sans-titre-16.png\" alt=\"\" class=\"wp-image-1341\" srcset=\"https:\/\/1001mots.org\/tests1001mots\/wp-content\/uploads\/2024\/03\/Design-sans-titre-16.png 305w, https:\/\/1001mots.org\/tests1001mots\/wp-content\/uploads\/2024\/03\/Design-sans-titre-16-300x300.png 300w, https:\/\/1001mots.org\/tests1001mots\/wp-content\/uploads\/2024\/03\/Design-sans-titre-16-150x150.png 150w\" sizes=\"auto, (max-width: 305px) 100vw, 305px\" \/><\/figure>\n\n<\/div>\n<\/div>\n\n<div class=\"gb-container gb-container-a545fe75\">\n<div class=\"gb-container gb-container-90d6e39d\">\n\n<h2 class=\"gb-headline gb-headline-f5941091 gb-headline-text gb-headline-2fbe7351\"><strong><strong>09\/04\/2021 \u2013 1001mots pr\u00e9sent\u00e9 par la fondation ADP dans Carenews<\/strong><\/strong><\/h2>\n\n\n\n<p>\u201cA l\u2019\u00e9t\u00e9 2020, la CAF de Paris a envoy\u00e9 un mail \u00e0 480 familles du 18\u00e8me pour leur proposer de s\u2019inscrire au programme 1001mots. Le mail a \u00e9t\u00e9 un formidable moyen d\u2019aller \u00e0 la rencontre des familles : 15% d\u2019entre elles se sont inscrites, soit 80 familles.\u201d Avec le soutien de La Fondation du Groupe A\u00e9roports de Paris, cette action sera r\u00e9pliqu\u00e9e en Seine-Saint-Denis pour aller vers les habitants d\u2019Aulay-sous-Bois : \u201cen avril, la CAF proposera le programme de 1001mots \u00e0 environ 1 900 familles.\u201d<\/p>\n\n\n<div class=\"gb-container gb-container-162e034c\">\n\n<a class=\"gb-button gb-button-9d3cfe7f gb-button-text gb-button-23f87dcb\" href=\"https:\/\/www.carenews.com\/fondation-groupe-adp\/news\/1001-mots-partenaire-de-la-fondation-groupe-adp-pour-la-prevention-du\" target=\"_blank\" rel=\"noopener noreferrer\">Lire l&rsquo;article<\/a>\n\n<\/div>\n<\/div>\n\n\n<figure class=\"wp-block-image size-full\"><img loading=\"lazy\" decoding=\"async\" width=\"305\" height=\"305\" src=\"https:\/\/1001mots.org\/tests1001mots\/wp-content\/uploads\/2024\/03\/Design-sans-titre-17.png\" alt=\"\" class=\"wp-image-1343\" srcset=\"https:\/\/1001mots.org\/tests1001mots\/wp-content\/uploads\/2024\/03\/Design-sans-titre-17.png 305w, https:\/\/1001mots.org\/tests1001mots\/wp-content\/uploads\/2024\/03\/Design-sans-titre-17-300x300.png 300w, https:\/\/1001mots.org\/tests1001mots\/wp-content\/uploads\/2024\/03\/Design-sans-titre-17-150x150.png 150w\" sizes=\"auto, (max-width: 305px) 100vw, 305px\" \/><\/figure>\n\n\n<div class=\"gb-container gb-container-a840e562\">\n\n<h2 class=\"gb-headline gb-headline-df474f4c gb-headline-text gb-headline-2fbe7351\"><strong>27\/11\/2020 \u2013 1001mots laur\u00e9at de La Nuit du Bien Commun<\/strong><\/h2>\n\n\n\n<p>Pour la deuxi\u00e8me ann\u00e9e cons\u00e9cutive, 1001mots a \u00e9t\u00e9 s\u00e9lectionn\u00e9e par La Nuit du Bien Commun pour pr\u00e9senter son projet et r\u00e9colter des dons. L\u2019\u00e9dition 2020 a \u00e9t\u00e9 un vrai succ\u00e8s : les g\u00e9n\u00e9reux donateurs ont soutenu 1001mots \u00e0 hauteur de 50 000 euros. Un grand merci \u00e0 La NBC : cette soir\u00e9e nous permet de faire conna\u00eetre notre projet \u00e0 de nombreux donateurs qui n\u2019en auraient pas encore entendu parler, et de susciter leur curiosit\u00e9 !<\/p>\n\n\n<div class=\"gb-container gb-container-28d23feb\">\n\n<a class=\"gb-button gb-button-76a8af8f gb-button-text gb-button-23f87dcb\" href=\"https:\/\/www.youtube.com\/watch?v=Tf9m4gXIhX8\" target=\"_blank\" rel=\"noopener noreferrer\">Revoir l&rsquo;\u00e9mission<\/a>\n\n<\/div>\n<\/div>\n\n\n<figure class=\"wp-block-image size-full\"><img loading=\"lazy\" decoding=\"async\" width=\"305\" height=\"305\" src=\"https:\/\/1001mots.org\/tests1001mots\/wp-content\/uploads\/2024\/03\/Design-sans-titre-18.png\" alt=\"\" class=\"wp-image-1345\" srcset=\"https:\/\/1001mots.org\/tests1001mots\/wp-content\/uploads\/2024\/03\/Design-sans-titre-18.png 305w, https:\/\/1001mots.org\/tests1001mots\/wp-content\/uploads\/2024\/03\/Design-sans-titre-18-300x300.png 300w, https:\/\/1001mots.org\/tests1001mots\/wp-content\/uploads\/2024\/03\/Design-sans-titre-18-150x150.png 150w\" sizes=\"auto, (max-width: 305px) 100vw, 305px\" \/><\/figure>\n\n<\/div>\n\n\n<p><\/p>\n\n\n<div class=\"gb-container gb-container-5407f67a\">\n<div class=\"gb-container gb-container-92f7a12b\">\n\n<h2 class=\"gb-headline gb-headline-abec0cc7 gb-headline-text gb-headline-2fbe7351\"><strong>20\/05\/2020 \u2013 1001mots laur\u00e9at 2020 du Grand Prix soci\u00e9tal de l&rsquo;Institut de France &#8211; Fondation Charles Defforey<\/strong><\/h2>\n\n\n\n<p>Nous sommes heureux d\u2019\u00eatre laur\u00e9at du Grand Prix soci\u00e9tal de l\u2019Institut de France \u2013 Fondation Charles Defforey et remercions les jurys ! Cette r\u00e9compense sera un formidable acc\u00e9l\u00e9rateur pour notre action. <\/p>\n\n\n<div class=\"gb-container gb-container-08c63e36\">\n\n<a class=\"gb-button gb-button-80948323 gb-button-text gb-button-23f87dcb\" href=\"https:\/\/www.lefigaro.fr\/culture\/l-institut-de-france-decerne-ses-grands-prix-20200525\" target=\"_blank\" rel=\"noopener noreferrer\">Lire l&rsquo;article<\/a>\n\n<\/div>\n<\/div>\n\n\n<figure class=\"wp-block-image size-full\"><img loading=\"lazy\" decoding=\"async\" width=\"305\" height=\"305\" src=\"https:\/\/1001mots.org\/tests1001mots\/wp-content\/uploads\/2024\/03\/Design-sans-titre-19.png\" alt=\"\" class=\"wp-image-1346\" srcset=\"https:\/\/1001mots.org\/tests1001mots\/wp-content\/uploads\/2024\/03\/Design-sans-titre-19.png 305w, https:\/\/1001mots.org\/tests1001mots\/wp-content\/uploads\/2024\/03\/Design-sans-titre-19-300x300.png 300w, https:\/\/1001mots.org\/tests1001mots\/wp-content\/uploads\/2024\/03\/Design-sans-titre-19-150x150.png 150w\" sizes=\"auto, (max-width: 305px) 100vw, 305px\" \/><\/figure>\n\n\n<div class=\"gb-container gb-container-72232bde\">\n\n<h2 class=\"gb-headline gb-headline-1e1332a4 gb-headline-text gb-headline-2fbe7351\"><strong>13\/11\/2019 \u2013 1001mots dans Le Figaro \u00e0 l&rsquo;occasion de la Nuit du Bien Commun<\/strong><\/h2>\n\n\n\n<p>\u201dAu lieu de lutter directement contre l\u2019\u00e9chec scolaire chez les adolescents, 1001mots anticipe les difficult\u00e9s depuis le plus jeune \u00e2ge, puisque, selon l\u2019association, le d\u00e9crochage scolaire se joue avant la maternelle. 1001mots propose des solutions in\u00e9dites \u00e0 l\u2019\u00e9chec scolaire en stimulant l\u2019\u00e9veil langagier des enfants de 0 \u00e0 3 ans via des ateliers et un suivi en ligne d\u00e9di\u00e9 aux parents.\u201d<\/p>\n\n\n<div class=\"gb-container gb-container-5c2d344b\">\n\n<a class=\"gb-button gb-button-e8ea19d1 gb-button-text gb-button-23f87dcb\" href=\"https:\/\/www.lefigaro.fr\/social\/la-nuit-du-bien-commun-revient-au-theatre-mogador-20191113\" target=\"_blank\" rel=\"noopener noreferrer\">Lire l&rsquo;article<\/a>\n\n<\/div>\n\n\n<p><\/p>\n\n<\/div>\n\n\n<figure class=\"wp-block-image size-full\"><img loading=\"lazy\" decoding=\"async\" width=\"305\" height=\"305\" src=\"https:\/\/1001mots.org\/tests1001mots\/wp-content\/uploads\/2024\/03\/Design-sans-titre-20.png\" alt=\"\" class=\"wp-image-1347\" srcset=\"https:\/\/1001mots.org\/tests1001mots\/wp-content\/uploads\/2024\/03\/Design-sans-titre-20.png 305w, https:\/\/1001mots.org\/tests1001mots\/wp-content\/uploads\/2024\/03\/Design-sans-titre-20-300x300.png 300w, https:\/\/1001mots.org\/tests1001mots\/wp-content\/uploads\/2024\/03\/Design-sans-titre-20-150x150.png 150w\" sizes=\"auto, (max-width: 305px) 100vw, 305px\" \/><\/figure>\n\n<\/div>\n\n<div class=\"gb-container gb-container-3dd1e669\">\n<div class=\"gb-container gb-container-8eef5847\">\n\n<h2 class=\"gb-headline gb-headline-f5daf4a1 gb-headline-text gb-headline-2fbe7351\"><strong><strong>13\/11\/2019 \u2013 1001mots et la lutte contre les in\u00e9galit\u00e9s dans Le Parisien<\/strong><\/strong><\/h2>\n\n\n\n<p>\u201dC\u2019est une force invisible. Dans le secteur de la toute petite enfance jusqu\u2019\u00e0 l\u2019entr\u00e9e des jeunes dans la vie active, des milliers d\u2019enseignants, associations, \u00e9ducateurs, \u0153uvrent pour rompre les d\u00e9terminismes qui assignent les \u00e9l\u00e8ves, en fonction de leur origine sociale ou de leur pass\u00e9 scolaire, \u00e0 un destin pas toujours choisi.\u201d<\/p>\n\n\n<div class=\"gb-container gb-container-487372f3\">\n\n<a class=\"gb-button gb-button-e6c8c65a gb-button-text gb-button-23f87dcb\" href=\"https:\/\/www.leparisien.fr\/societe\/de-la-maternelle-a-la-fac-cinq-initiatives-qui-luttent-contre-les-inegalites-scolaires-12-11-2019-8191788.php\" target=\"_blank\" rel=\"noopener noreferrer\">Lire l&rsquo;article<\/a>\n\n<\/div>\n<\/div>\n\n\n<figure class=\"wp-block-image size-full\"><img loading=\"lazy\" decoding=\"async\" width=\"305\" height=\"305\" src=\"https:\/\/1001mots.org\/tests1001mots\/wp-content\/uploads\/2024\/03\/Design-sans-titre-21.png\" alt=\"\" class=\"wp-image-1348\" srcset=\"https:\/\/1001mots.org\/tests1001mots\/wp-content\/uploads\/2024\/03\/Design-sans-titre-21.png 305w, https:\/\/1001mots.org\/tests1001mots\/wp-content\/uploads\/2024\/03\/Design-sans-titre-21-300x300.png 300w, https:\/\/1001mots.org\/tests1001mots\/wp-content\/uploads\/2024\/03\/Design-sans-titre-21-150x150.png 150w\" sizes=\"auto, (max-width: 305px) 100vw, 305px\" \/><\/figure>\n\n\n<div class=\"gb-container gb-container-d5f8f6e0\">\n\n<h2 class=\"gb-headline gb-headline-36e0a522 gb-headline-text gb-headline-2fbe7351\"><strong>13\/09\/2019 \u2013 1001 mots \u00e0 la Conf\u00e9rence nationale de la Strat\u00e9gie Pauvret\u00e9<\/strong><\/h2>\n\n\n\n<p>Les 12 et 13 septembre 2019 avait lieu \u00e0 Aubervilliers la <strong><a href=\"https:\/\/www.banquedesterritoires.fr\/revenu-universel-dactivite-le-grand-public-consulte-partir-du-3-octobre\" data-type=\"link\" data-id=\"https:\/\/www.banquedesterritoires.fr\/revenu-universel-dactivite-le-grand-public-consulte-partir-du-3-octobre\" target=\"_blank\" rel=\"noreferrer noopener\">Conf\u00e9rence nationale de la Strat\u00e9gie Pauvret\u00e9 du Gouvernement<\/a><\/strong> : 1001mots y a tenu un stand, aux c\u00f4t\u00e9s d\u2019autres acteurs associatifs de la lutte contre la pauvret\u00e9. Nous avons eu l\u2019honneur d\u2019une visite d\u2019Agn\u00e8s Buzyn, Ministre des Solidarit\u00e9s et de la Sant\u00e9, et de Christelle Dubos, Secr\u00e9taire d\u2019Etat aupr\u00e8s d\u2019Agn\u00e8s Buzyn : nous avons pu \u00e9changer avec elles sur l\u2019importance de l\u2019\u00e9veil langagier et du soutien aux parents.<\/p>\n\n\n\n<p><\/p>\n\n<\/div>\n\n\n<figure class=\"wp-block-image size-full\"><img loading=\"lazy\" decoding=\"async\" width=\"305\" height=\"305\" src=\"https:\/\/1001mots.org\/tests1001mots\/wp-content\/uploads\/2024\/03\/Design-sans-titre-22.png\" alt=\"\" class=\"wp-image-1349\" srcset=\"https:\/\/1001mots.org\/tests1001mots\/wp-content\/uploads\/2024\/03\/Design-sans-titre-22.png 305w, https:\/\/1001mots.org\/tests1001mots\/wp-content\/uploads\/2024\/03\/Design-sans-titre-22-300x300.png 300w, https:\/\/1001mots.org\/tests1001mots\/wp-content\/uploads\/2024\/03\/Design-sans-titre-22-150x150.png 150w\" sizes=\"auto, (max-width: 305px) 100vw, 305px\" \/><\/figure>\n\n<\/div>\n\n<div class=\"gb-container gb-container-a5388d8c\">\n<div class=\"gb-container gb-container-7e091944\">\n\n<h2 class=\"gb-headline gb-headline-dc2697b8 gb-headline-text gb-headline-2fbe7351\"><strong><strong>0<strong>8\/01\/2019 \u2013 20minutes parle de 1001mots !<\/strong><\/strong><\/strong><\/h2>\n\n\n\n<p>Le quotidien 20minutes a publi\u00e9 un <strong><a href=\"https:\/\/www.20minutes.fr\/sante\/2410167-20190108-lien-entre-vocabulaire-2-ans-niveau-socio-economique-comment-favoriser-apprentissage-langage-chez-enfant\" data-type=\"link\" data-id=\"https:\/\/www.20minutes.fr\/sante\/2410167-20190108-lien-entre-vocabulaire-2-ans-niveau-socio-economique-comment-favoriser-apprentissage-langage-chez-enfant\" target=\"_blank\" rel=\"noreferrer noopener\">article<\/a><\/strong> qui pr\u00e9sente 1001mots, en r\u00e9action \u00e0 une nouvelle \u00e9tude scientifique de l\u2019INED qui souligne&nbsp; que d\u00e8s l\u2019\u00e2ge de 2 ans, les enfants les plus ais\u00e9s ont 15% de mots de vocabulaire en plus que les plus d\u00e9favoris\u00e9s. Men\u00e9e en France sur 11 000 enfants, l\u2019\u00e9tude confirme fortement la pertinence de notre diagnostic.L\u2019article explique comment 1001mots transcrit les r\u00e9sultats des neurosciences en activit\u00e9s d\u2019\u00e9veil simples pour les tout-petits.<\/p>\n\n<\/div>\n\n\n<figure class=\"wp-block-image size-full\"><img loading=\"lazy\" decoding=\"async\" width=\"305\" height=\"305\" src=\"https:\/\/1001mots.org\/tests1001mots\/wp-content\/uploads\/2024\/03\/Design-sans-titre-23.png\" alt=\"\" class=\"wp-image-1350\" srcset=\"https:\/\/1001mots.org\/tests1001mots\/wp-content\/uploads\/2024\/03\/Design-sans-titre-23.png 305w, https:\/\/1001mots.org\/tests1001mots\/wp-content\/uploads\/2024\/03\/Design-sans-titre-23-300x300.png 300w, https:\/\/1001mots.org\/tests1001mots\/wp-content\/uploads\/2024\/03\/Design-sans-titre-23-150x150.png 150w\" sizes=\"auto, (max-width: 305px) 100vw, 305px\" \/><\/figure>\n\n\n<div class=\"gb-container gb-container-79714f1c\">\n\n<h2 class=\"gb-headline gb-headline-0e4afe85 gb-headline-text gb-headline-2fbe7351\"><strong>14\/05\/2018 \u2013 1001mots sur France 5 avec La maison des Maternelles<\/strong><\/h2>\n\n\n\n<p>Les \u00e9quipes de \u00ab\u00a0La maison des Maternelles\u00a0\u00bb sur France 5 sont venues assister \u00e0 un atelier parents-enfants anim\u00e9 par une orthophoniste 1001mots dans le 18\u00e8me arrondissement de Paris.<\/p>\n\n\n<div class=\"gb-container gb-container-c9a72289\">\n\n<a class=\"gb-button gb-button-d45260c1 gb-button-text gb-button-23f87dcb\" href=\"https:\/\/www.youtube.com\/watch?v=qHZAkKDzEVY\" target=\"_blank\" rel=\"noopener noreferrer\">Voir l&rsquo;\u00e9mission<\/a>\n\n<\/div>\n<\/div>\n\n\n<figure class=\"wp-block-image size-full\"><img loading=\"lazy\" decoding=\"async\" width=\"305\" height=\"305\" src=\"https:\/\/1001mots.org\/tests1001mots\/wp-content\/uploads\/2024\/03\/Design-sans-titre-24.png\" alt=\"\" class=\"wp-image-1351\" srcset=\"https:\/\/1001mots.org\/tests1001mots\/wp-content\/uploads\/2024\/03\/Design-sans-titre-24.png 305w, https:\/\/1001mots.org\/tests1001mots\/wp-content\/uploads\/2024\/03\/Design-sans-titre-24-300x300.png 300w, https:\/\/1001mots.org\/tests1001mots\/wp-content\/uploads\/2024\/03\/Design-sans-titre-24-150x150.png 150w\" sizes=\"auto, (max-width: 305px) 100vw, 305px\" \/><\/figure>\n\n<\/div>","protected":false},"excerpt":{"rendered":"<p>On parle de nous ! 12\/2025 &#8211; Article dans le magazine La Vie Le magazine La Vie a publi\u00e9 un article sur notre action. Avec des interviews de mamans accompagn\u00e9es par 1001mots et de notre directeur Florent de Bodman, l&rsquo;article met en lumi\u00e8re l&rsquo;importance d&rsquo;investir dans la petite enfance pour pr\u00e9venir les in\u00e9galit\u00e9s. 12\/2025 &#8211; &#8230; <a title=\"On parle de nous !\" class=\"read-more\" href=\"https:\/\/1001mots.org\/tests1001mots\/on-parle-de-nous\/\" aria-label=\"En savoir plus sur On parle de nous !\">Lire la suite<\/a><\/p>\n","protected":false},"author":3,"featured_media":0,"parent":0,"menu_order":0,"comment_status":"closed","ping_status":"closed","template":"","meta":{"_seopress_robots_primary_cat":"","_seopress_titles_title":"On parle de 1001mots","_seopress_titles_desc":"Presse, radio, TV... D\u00e9couvrez les actualit\u00e9s de notre projet","_seopress_robots_index":"","_uf_show_specific_survey":0,"_uf_disable_surveys":false,"footnotes":""},"class_list":["post-1324","page","type-page","status-publish"],"_links":{"self":[{"href":"https:\/\/1001mots.org\/tests1001mots\/wp-json\/wp\/v2\/pages\/1324","targetHints":{"allow":["GET"]}}],"collection":[{"href":"https:\/\/1001mots.org\/tests1001mots\/wp-json\/wp\/v2\/pages"}],"about":[{"href":"https:\/\/1001mots.org\/tests1001mots\/wp-json\/wp\/v2\/types\/page"}],"author":[{"embeddable":true,"href":"https:\/\/1001mots.org\/tests1001mots\/wp-json\/wp\/v2\/users\/3"}],"replies":[{"embeddable":true,"href":"https:\/\/1001mots.org\/tests1001mots\/wp-json\/wp\/v2\/comments?post=1324"}],"version-history":[{"count":6,"href":"https:\/\/1001mots.org\/tests1001mots\/wp-json\/wp\/v2\/pages\/1324\/revisions"}],"predecessor-version":[{"id":2496,"href":"https:\/\/1001mots.org\/tests1001mots\/wp-json\/wp\/v2\/pages\/1324\/revisions\/2496"}],"wp:attachment":[{"href":"https:\/\/1001mots.org\/tests1001mots\/wp-json\/wp\/v2\/media?parent=1324"}],"curies":[{"name":"wp","href":"https:\/\/api.w.org\/{rel}","templated":true}]}}